{"id":1202,"date":"2013-03-07T14:37:33","date_gmt":"2013-03-07T14:37:33","guid":{"rendered":"http:\/\/www.heinehaus.de\/?page_id=1202"},"modified":"2025-08-17T18:01:01","modified_gmt":"2025-08-17T16:01:01","slug":"archiv-2012","status":"publish","type":"page","link":"https:\/\/www.heinehaus.de\/index.php\/archive\/archiv-2012\/","title":{"rendered":"Archiv 2012"},"content":{"rendered":"<div>\n<h2><\/h2>\n<hr>\n<h2><strong>Unser Programm im November\/Dezember 2012.<\/strong><\/h2>\n<p><strong>+++&nbsp;<\/strong>Am 4. November pr\u00e4sentiert der leidenschaftliche B\u00fccherliebhaber und passionierte Leser (und Rechtsanwalt) <a href=\"https:\/\/www.heinehaus.de\/index.php\/2012\/10\/10\/speich\/\"><strong>Peter W. Speich<\/strong><\/a> im Caf\u00e9 Lieshout der Kunstsammlung seine Auslese. +++ <a href=\"https:\/\/www.heinehaus.de\/index.php\/2012\/10\/10\/speich\/\"><strong>mehr<\/strong><\/a><\/p>\n<p><strong>+++&nbsp;<\/strong>Die beiden Autoren<a href=\"https:\/\/www.heinehaus.de\/index.php\/2012\/10\/10\/peter-von-matt-thomas-meyer\/\"><strong> Peter von Matt<\/strong> <\/a>und<strong> <a href=\"https:\/\/www.heinehaus.de\/index.php\/2012\/10\/10\/peter-von-matt-thomas-meyer\/\">Thomas Meyer<\/a> <\/strong>stellen im Heine Haus ihre f\u00fcr den Schweizer Buchpreis nominierten B\u00fccher vor. Am 6.November <strong>+++ <strong><a href=\"https:\/\/www.heinehaus.de\/index.php\/2012\/10\/10\/peter-von-matt-thomas-meyer\/\">mehr<\/a><\/strong><br \/>\n<\/strong><\/p>\n<p><strong>+++<\/strong> Zu Ehren des 100. Geburtstages von<a href=\"https:\/\/www.heinehaus.de\/index.php\/2012\/10\/10\/ein-abend-rund-um-john-cage\/\"><strong> John Cage<\/strong><\/a> erleben wir einen Abend mit <strong><a href=\"https:\/\/www.heinehaus.de\/index.php\/2012\/10\/10\/ein-abend-rund-um-john-cage\/\">Roland Techet,<\/a><\/strong> Alexandra von der Weth, Gerhard Staebler, Kunsu Shim, Josef Anton Riedl. Am 15. November <strong>+++ <a href=\"https:\/\/www.heinehaus.de\/index.php\/2012\/10\/10\/ein-abend-rund-um-john-cage\/\">mehr<\/a><\/strong><\/p>\n<p><strong>+++<\/strong> Wir laden herzlich ein zu Lesung, Ausstellung und Gespr\u00e4ch mit <a href=\"https:\/\/www.heinehaus.de\/index.php\/2012\/10\/10\/esserkurzeck\/\"><strong>Elger Esser<\/strong> <\/a>und <strong><a href=\"https:\/\/www.heinehaus.de\/index.php\/2012\/10\/10\/esserkurzeck\/\">Peter Kurzeck<\/a><\/strong>. Am 20. November <strong>+++ <a href=\"https:\/\/www.heinehaus.de\/index.php\/2012\/10\/10\/esserkurzeck\/\">mehr<\/a><\/strong><\/p>\n<p><strong>+++<\/strong> Am 26. November pr\u00e4sentiert <a href=\"https:\/\/www.heinehaus.de\/index.php\/2012\/10\/10\/durs-grunbein-kolos-im-nebel\/\"><strong>Durs Gr\u00fcnbein<\/strong><\/a> seinem dreizehnten Gedichtband und stellt auf seine Weise die Frage: Was ist Imagination und wie ver\u00e4ndert sie unser Bewusstsein?<strong> +++ <a href=\"https:\/\/www.heinehaus.de\/index.php\/2012\/10\/10\/durs-grunbein-kolos-im-nebel\/\">mehr<\/a><\/strong><\/p>\n<p><strong>+++<\/strong> Zum zweiten Mal in diesem Jahr lassen wir eine starke Kombination von Literatur und Musik erklingen. Gemeinsam mit dem <a href=\"https:\/\/www.heinehaus.de\/index.php\/2012\/10\/10\/rausch\/\"><strong>Opernstudio<\/strong><\/a> am 29. November. <strong>+++ <a href=\"https:\/\/www.heinehaus.de\/index.php\/2012\/10\/10\/rausch\/\">mehr<\/a><\/strong><\/p>\n<p><strong>+++<\/strong> Am 2. Dezember lassen wir beim Familien-Event den L\u00f6wen br\u00fcllen! Wir laden zu Lesung und Signierstunden mit <a href=\"https:\/\/www.heinehaus.de\/index.php\/2012\/10\/10\/baltscheit\/\"><strong>Martin Baltscheit<\/strong><\/a>. <strong>+++ <a href=\"https:\/\/www.heinehaus.de\/index.php\/2012\/10\/10\/baltscheit\/\">mehr<\/a><\/strong><\/p>\n<p><strong>+++<\/strong> Der <a href=\"https:\/\/www.heinehaus.de\/index.php\/2012\/10\/10\/lovenberg-2\/\"><strong>literarische Jahresr\u00fcckblick<\/strong><\/a> im Heine Haus hat mittlerweile Tradition. <a href=\"https:\/\/www.heinehaus.de\/index.php\/2012\/10\/10\/lovenberg-2\/\"><strong>Felicitas von Lovenberg<\/strong><\/a> bringt ihre pers\u00f6nliche Auswahl an Entdeckungen und \u00dcberraschungen, und so manche literarische Geschenkidee mit. Am 6. Dezember<strong> +++ <a href=\"https:\/\/www.heinehaus.de\/index.php\/2012\/10\/10\/lovenberg-2\/\">mehr<\/a> &nbsp;<\/strong><\/p>\n<p><strong>+++<\/strong> Am Donnerstag vor Heiligabend k\u00f6nnen Sie das <a href=\"https:\/\/www.heinehaus.de\/index.php\/2012\/10\/10\/ausmalbuch\/\"><strong>Ausmalbuch<\/strong><\/a> des <a href=\"https:\/\/www.heinehaus.de\/index.php\/2012\/10\/10\/ausmalbuch\/\">K\u00fcnstlerverein Malkasten <\/a>ausmalen, erg\u00e4nzen, aktualisieren, erwerben bei Kaffee und Keksen inmitten des Weihnachstrubels. Am 20. Dezember <strong>+++ <a href=\"https:\/\/www.heinehaus.de\/index.php\/2012\/10\/10\/ausmalbuch\/\">mehr<\/a><\/strong><\/p>\n<\/div>\n<div>\n<h2><\/h2>\n<h2><\/h2>\n<hr>\n<h2><a title=\"Unser Programm im September\/Oktober 2012\" href=\"https:\/\/www.heinehaus.de\/index.php\/2012\/08\/14\/septemberoktober-2012\/\" rel=\"bookmark\">Unser Programm im September\/Oktober 2012<\/a><\/h2>\n<p><strong>+++<\/strong> Der&nbsp;Kirchenmusiker&nbsp;<strong><a href=\"https:\/\/www.heinehaus.de\/index.php\/2012\/08\/14\/imaginary-landscapes\/\" target=\"_self\" rel=\"noopener noreferrer\">Marcell&nbsp;Feldberg<\/a> <\/strong>l\u00e4sst&nbsp;zu&nbsp;Ehren&nbsp;von <strong>John&nbsp;Cage<\/strong> einen&nbsp;Tag&nbsp;lang&nbsp;jeweils&nbsp;zur&nbsp;vollen&nbsp;Stunde&nbsp;St\u00fccke&nbsp;von&nbsp;und&nbsp;\u00fcber&nbsp;den&nbsp;amerikanischen<br \/>\nKomponisten und&nbsp;K\u00fcnstlers&nbsp;&nbsp;erklingen. <strong>Am 5. September<\/strong>. <strong>+++<\/strong> <a href=\"https:\/\/www.heinehaus.de\/index.php\/2012\/08\/14\/imaginary-landscapes\/\" target=\"_self\" rel=\"noopener noreferrer\"><strong>mehr<\/strong><\/a><\/p>\n<p>+++ Die Stiftung Buchkunst zeichnet j\u00e4hrlich <a href=\"https:\/\/www.heinehaus.de\/index.php\/2012\/08\/14\/die-schonsten-deutschen-bucher-2012\/\" target=\"_self\" rel=\"noopener noreferrer\"><strong>\u201eDie sch\u00f6nsten deutschen B\u00fccher\u201c<\/strong><\/a> aus. Die Ausstellungser\u00f6ffnung im Heine Haus ist am <strong>8. September<\/strong>. <strong>+++ <a href=\"https:\/\/www.heinehaus.de\/index.php\/2012\/08\/14\/die-schonsten-deutschen-bucher-2012\/\" target=\"_self\" rel=\"noopener noreferrer\">mehr<\/a><\/strong><\/p>\n<p><strong>+++<\/strong> \u201e<a href=\"https:\/\/www.heinehaus.de\/index.php\/2012\/08\/14\/anthony-mccarten\/\" target=\"_self\" rel=\"noopener noreferrer\"><strong>Anthony McCarten<\/strong><\/a> ist unter den literarischen Exporten aus Neuseeland einer der aufregendsten.\u201c Am <strong>11. September<\/strong> liest er im Heine Haus. <strong>+++<\/strong> <a href=\"https:\/\/www.heinehaus.de\/index.php\/2012\/08\/14\/anthony-mccarten\/\" target=\"_self\" rel=\"noopener noreferrer\"><strong>mehr<\/strong><\/a><\/p>\n<p><strong>+++<\/strong> Am <strong>14. September<\/strong> unternimmt das experimentierfreudige Format des <strong><a href=\"https:\/\/www.heinehaus.de\/index.php\/2012\/09\/14\/\" target=\"_self\" rel=\"noopener noreferrer\">Deutschlandradio Kultur<\/a><\/strong> einen Versuch: Wie k\u00f6nnen die im Studio sorgf\u00e4ltig inszenierten Mikro-Texte live auf die B\u00fchne gebracht werden? <strong>+++ <a href=\"https:\/\/www.heinehaus.de\/index.php\/2012\/09\/14\/\" target=\"_self\" rel=\"noopener noreferrer\">mehr<\/a><\/strong><\/p>\n<p><strong><a href=\"https:\/\/www.heinehaus.de\/wp-content\/uploads\/2012\/08\/Bild-101.jpg\"><img decoding=\"async\" loading=\"lazy\" title=\"Bild-10\" src=\"https:\/\/www.heinehaus.de\/wp-content\/uploads\/2012\/08\/Bild-101-150x150.jpg\" alt=\"\" width=\"150\" height=\"150\"><\/a><br \/>\n+++<\/strong> Der Autor <a href=\"https:\/\/www.heinehaus.de\/index.php\/2012\/09\/20\/?ec3_listing=events\" target=\"_self\" rel=\"noopener noreferrer\"><strong>Karl-Heinz Ott<\/strong><\/a> nimmt uns mit auf eine pers\u00f6nliche Reise und l\u00e4dt bei einem 3-G\u00e4nge-Men\u00fc zu einer Kostprobe badischer Delikatessen ein. Am <strong>20. September<\/strong>. <strong>+++ <a href=\"https:\/\/www.heinehaus.de\/index.php\/2012\/09\/20\/?ec3_listing=events\" target=\"_self\" rel=\"noopener noreferrer\">mehr<\/a><\/strong><\/p>\n<p><strong>+++<\/strong> Im Heine Haus erleben wir den Klassiker von Michail Bulgakow <a href=\"https:\/\/www.heinehaus.de\/index.php\/2012\/09\/26\/?ec3_listing=events\" target=\"_self\" rel=\"noopener noreferrer\"><strong>\u201eMeister und Margarita\u201d<\/strong><\/a> so frech, klug, aberwitzig und frisch wie nie zuvor. Am <strong>26. September<\/strong>. <strong>+++ <a href=\"https:\/\/www.heinehaus.de\/index.php\/2012\/09\/26\/?ec3_listing=events\" target=\"_self\" rel=\"noopener noreferrer\">mehr<\/a><\/strong><\/p>\n<p><strong>+++ <\/strong>Die wunderbaren Erinnerungen von <strong><a href=\"https:\/\/www.heinehaus.de\/index.php\/2012\/10\/02\/\" target=\"_self\" rel=\"noopener noreferrer\">Werner Spies<\/a><\/strong> sind ein gro\u00dfes Buch \u00fcber das 20. Jahrhundert. Am <strong>2. Oktober <\/strong>im Heine Haus. <strong>+++ <a href=\"https:\/\/www.heinehaus.de\/index.php\/2012\/10\/02\/\" target=\"_self\" rel=\"noopener noreferrer\">mehr<\/a><\/strong><\/p>\n<p><strong>+++ <\/strong>Das Heine Haus l\u00e4dt <a href=\"https:\/\/www.heinehaus.de\/index.php\/2012\/10\/15\/?ec3_listing=events\" target=\"_self\" rel=\"noopener noreferrer\"><strong>Martin Walser <\/strong><\/a>diesen Herbst ein, sein neues Buch vorzustellen. \u201cDas dreizehnte Kapitel\u201d am 15. Oktober. <strong>+++ <\/strong><strong><a href=\"https:\/\/www.heinehaus.de\/index.php\/2012\/10\/15\/?ec3_listing=events\" target=\"_blank\" rel=\"noopener noreferrer\">mehr<\/a><\/strong><\/p>\n<p><strong>+++<\/strong><a href=\"https:\/\/www.heinehaus.de\/index.php\/2012\/10\/18\/?ec3_listing=events\" target=\"_self\" rel=\"noopener noreferrer\"><strong>Cees Nooteboom<\/strong><\/a> schreibt Briefe an den Gott mit dem Dreizack. Darin erz\u00e4hlt er von seinen t\u00e4glichen Beobachtungen, von seinen Gedanken \u00fcber G\u00f6tter und Gott, vom neuen Blick auf alte Mythen. Am <strong>18. Oktober.<\/strong> <strong>+++<\/strong> <a href=\"https:\/\/www.heinehaus.de\/index.php\/2012\/10\/18\/?ec3_listing=events\" target=\"_self\" rel=\"noopener noreferrer\"><strong>mehr<\/strong><\/a><\/p>\n<p><strong>+++<\/strong> Passend zu Titel und Inhalt des Buches <strong>\u201eDelikatessen\u201d<\/strong> von <a href=\"https:\/\/www.heinehaus.de\/index.php\/2012\/10\/23\/?ec3_listing=events\" target=\"_self\" rel=\"noopener noreferrer\"><strong>Martin Walker<\/strong><\/a> gibt es im Anschluss an die Lesung die M\u00f6glichkeit, gemeinsam mit dem Autor am kalten Buffet von den Delikatessen Frankreichs zu kosten. Am<strong> 23. Oktober.<\/strong> <strong>+++<\/strong> <a href=\"https:\/\/www.heinehaus.de\/index.php\/2012\/10\/23\/?ec3_listing=events\" target=\"_self\" rel=\"noopener noreferrer\"><strong>mehr<\/strong><\/a><\/p>\n<p><strong><a href=\"https:\/\/www.heinehaus.de\/wp-content\/uploads\/2012\/08\/Herta_Esser1.jpg\"><img decoding=\"async\" loading=\"lazy\" title=\"Herta_Esser\" src=\"https:\/\/www.heinehaus.de\/wp-content\/uploads\/2012\/08\/Herta_Esser1-150x150.jpg\" alt=\"\" width=\"89\" height=\"89\"><\/a>+++<\/strong> Ein gelungenes Format wird fortgesetzt: Nach dem Erfolg des <a href=\"https:\/\/www.heinehaus.de\/index.php\/2012\/10\/26\/?ec3_listing=events\" target=\"_self\" rel=\"noopener noreferrer\"><strong>Poesie-Festes<\/strong><\/a> im vergangenen Jahr widmet sich das Heine Haus auch in diesem Herbst zwei Tage lang ausschlie\u00dflich der Poesie. Am <strong>26. und 27. Oktober.<\/strong> <strong>+++<\/strong> <strong><a href=\"https:\/\/www.heinehaus.de\/index.php\/2012\/10\/26\/?ec3_listing=events\" target=\"_self\" rel=\"noopener noreferrer\">mehr<\/a><\/strong><\/p>\n<\/div>\n<div>\n<h2><a title=\"Unser Programm im Juli\/August 2012\" href=\"https:\/\/www.heinehaus.de\/index.php\/2012\/06\/12\/juliaug2012\/\" rel=\"bookmark\">&nbsp;<\/a><\/h2>\n<h2><\/h2>\n<hr>\n<div>\n<h2><a title=\"Poesie \u2013 Ein Fest im Heine Haus\" href=\"https:\/\/www.heinehaus.de\/index.php\/2012\/10\/09\/poesie-ein-fest-im-heine-haus\/\" rel=\"bookmark\">Poesie \u2013 Ein Fest im Heine Haus<\/a><\/h2>\n<p><strong>26.10.2012, Fr. 19:30 Uhr<br \/>\n&amp;<br \/>\n27.10.2012, Sa. 18:00 Uhr<br \/>\nPoesie \u2013 Ein Fest im Heine Haus<\/strong><\/p>\n<p><a href=\"https:\/\/www.heinehaus.de\/wp-content\/uploads\/PROGRAMMPOESIE2012.pdf\"><img decoding=\"async\" loading=\"lazy\" title=\"fest2012\" src=\"https:\/\/www.heinehaus.de\/wp-content\/uploads\/2012\/08\/fest2012-745x1024.jpg\" alt=\"\" width=\"437\" height=\"599\"><\/a><\/p>\n<p><strong>26.10.2012, Fr. 19:30 Uhr<br \/>\nHerta M\u00fcller<br \/>\n<\/strong>Moderation: Rudolf M\u00fcller<br \/>\nBegr\u00fc\u00dfung: Oberb\u00fcrgermeister Dirk Elbers<em><br \/>\nOrt: Kunstsammlung NRW<br \/>\n<\/em><\/p>\n<p><strong>27.10.2012 , Sa. 18:00 Uhr<\/strong><br \/>\n<strong>Olga Martynova &amp; Raoul Schrott<\/strong><br \/>\nModeration: Nobert Wehr &amp; Christoph Buchwald<br \/>\n<em>Ort: Heine Haus<\/em><\/p>\n<p>Ein gelungenes Format wird fortgesetzt: Nach dem Erfolg des Poesie-Festes im vergangenen Jahr widmet sich das Heine Haus auch in diesem Herbst zwei Tage lang ausschlie\u00dflich der Poesie.<\/p>\n<p>Auf unserer Reise durch die Gegenwartslyrik begegnen wir u.a. den Dichtergr\u00f6\u00dfen <strong>Herta M\u00fcller<\/strong> (26.10.), <strong>Raoul Schrott<\/strong> (27.10.), sowie der diesj\u00e4hrigen Bachmann-Preistr\u00e4gerin <strong>Olga Martynova<\/strong> (27.10.), die ihren neuesten Lyrikband <em>von Tschwirik und Tschwirka<\/em> pr\u00e4sentiert.<\/p>\n<p>Zur Diskussion laden ein, <strong>Christoph Buchwald<\/strong>, Verleger und Herausgeber des Jahrbuchs der Lyrik, <strong>Rudolf M\u00fcller<\/strong> von der Buchhandlung M\u00fcller &amp; B\u00f6hm im Heine Haus und <strong>Norbert Wehr<\/strong>, Autor, Literaturkritiker und Herausgeber von Schreibheft, Zeitschrift f\u00fcr Literatur.<\/p>\n<p>Alle weiteren Informationen sowie das komplette Programm finden Sie ab Ende September zum Herunterladen <a href=\"https:\/\/www.heinehaus.de\/wp-content\/uploads\/2012\/10\/PROGRAMM2012POESIE.pdf\">hier<\/a>.<\/p>\n<p>Veranstalter: Verein zur F\u00f6rderung des Heinrich-Heine-Geburtshauses e.V., M\u00fcller &amp; B\u00f6hm Literaturhandlung in Kooperation mit der Kunst- und Kulturstiftung der Stadtsparkasse D\u00fcsseldorf<\/p>\n<p><em><br \/>\n<\/em>Eintritt: <strong>Festivalkarte: 20,00 Euro<\/strong> \/ Fr, 26.10.2012: <strong>15,00\/12,00 (erm.) Euro<\/strong><br \/>\nSa, 27.10.2012: <strong>10,00\/8,00 (erm.) Euro<\/strong><\/p>\n<p><a href=\"https:\/\/www.heinehaus.de\/wp-content\/uploads\/PROGRAMMPOESIE2012.pdf\"><strong>Das Programm k\u00f6nnen Sie hier herunterladen<\/strong><\/a><strong><a href=\"https:\/\/www.heinehaus.de\/wp-content\/uploads\/PROGRAMMPOESIE2012.pdf\"><strong>\u00bb\u00bb<\/strong><\/a><em><br \/>\n<\/em><\/strong><\/p>\n<\/div>\n<hr>\n<h2><a title=\"Unser Programm im Juli\/August 2012\" href=\"https:\/\/www.heinehaus.de\/index.php\/2012\/06\/12\/juliaug2012\/\" rel=\"bookmark\">Unser Programm im Juli\/August 2012<\/a><\/h2>\n<p><strong>+++ <\/strong>Ausstellung und Gespr\u00e4ch in der Reihe Kunst trifft Literatur: dieses Mal mit <a href=\"https:\/\/www.heinehaus.de\/index.php\/2012\/06\/12\/kuball-welzer\/\" target=\"_self\" rel=\"noopener noreferrer\"><strong>Mischa Kuball<\/strong><\/a> und <strong><a href=\"https:\/\/www.heinehaus.de\/index.php\/2012\/06\/12\/kuball-welzer\/\" target=\"_self\" rel=\"noopener noreferrer\">Harald Welzer<\/a>. <\/strong>Am 11.Juli im Heine Haus <strong>+++<\/strong> <strong><a href=\"https:\/\/www.heinehaus.de\/index.php\/2012\/06\/12\/kuball-welzer\/\" target=\"_self\" rel=\"noopener noreferrer\">mehr<\/a><\/strong><\/p>\n<p><strong>+++<\/strong> Die \u00dcbersetzerin<a href=\"https:\/\/www.heinehaus.de\/index.php\/2012\/06\/12\/oblomow\/\" target=\"_self\" rel=\"noopener noreferrer\"> <strong>Vera Bischitzky<\/strong><\/a> und der Schauspieler<a href=\"https:\/\/www.heinehaus.de\/index.php\/2012\/06\/12\/oblomow\/\" target=\"_self\" rel=\"noopener noreferrer\"><strong> Rudolf Kowalski <\/strong><\/a>stellen anl\u00e4sslich des 200. Geburtstags von Iwan Gontscharow die Neu\u00fcbersetzung dessen bekanntesten Romans Oblomow vor. Am 15. Juli <strong>+++<\/strong> <a href=\"https:\/\/www.heinehaus.de\/index.php\/2012\/06\/12\/oblomow\/\" target=\"_self\" rel=\"noopener noreferrer\"><strong>mehr<\/strong><\/a><\/p>\n<p><strong>+++<\/strong> Am 24.7. laden wir Sie ein zum Gespr\u00e4ch zwischen <a href=\"https:\/\/www.heinehaus.de\/index.php\/2012\/06\/20\/scheck_kohtes\/\" target=\"_self\" rel=\"noopener noreferrer\"><strong>Denis Scheck<\/strong><\/a> und <a href=\"https:\/\/www.heinehaus.de\/index.php\/2012\/06\/20\/scheck_kohtes\/\" target=\"_self\" rel=\"noopener noreferrer\"><strong>Michael Kohtes.<\/strong> <\/a><strong>+++<\/strong> <a href=\"https:\/\/www.heinehaus.de\/index.php\/2012\/06\/20\/scheck_kohtes\/\" target=\"_self\" rel=\"noopener noreferrer\"><strong>mehr<\/strong><\/a><\/p>\n<p><strong>+++<\/strong> Am 5. August stellt die D\u00fcsseldorfer Foto-K\u00fcnstlerin <a href=\"https:\/\/www.heinehaus.de\/index.php\/2012\/08\/05\/\" target=\"_self\" rel=\"noopener noreferrer\"><strong>Katja Stuke<\/strong><\/a> ihre \u201eAuslese\u201c in der Kunstsammlung NRW vor. <strong>+++<\/strong> <a href=\"https:\/\/www.heinehaus.de\/index.php\/2012\/08\/05\/\" target=\"_self\" rel=\"noopener noreferrer\"><strong>mehr<\/strong><\/a><\/p>\n<p><strong>+++<\/strong> <a href=\"https:\/\/www.heinehaus.de\/index.php\/2012\/08\/29\/\" target=\"_self\" rel=\"noopener noreferrer\"><strong>Norbert Scheuer <\/strong><\/a>erz\u00e4hlt in seinem neuen Roman auf einf\u00fchlsame Weise eine Geschichte \u00fcber die Liebe, das Altern und das Vergessen. Am. 29. August <strong>+++<\/strong> <strong><a href=\"https:\/\/www.heinehaus.de\/index.php\/2012\/08\/29\/\" target=\"_self\" rel=\"noopener noreferrer\">mehr<\/a><\/strong><\/p>\n<\/div>\n<div>\n<h2><a title=\"Unser Programm im Mai\/Juni 2012\" href=\"https:\/\/www.heinehaus.de\/index.php\/2012\/04\/11\/unser-programm-im-maijuni-2012\/\" rel=\"bookmark\">&nbsp;<\/a><\/h2>\n<hr>\n<h2><a title=\"Unser Programm im Mai\/Juni 2012\" href=\"https:\/\/www.heinehaus.de\/index.php\/2012\/04\/11\/unser-programm-im-maijuni-2012\/\" rel=\"bookmark\">Unser Programm im Mai\/Juni 2012<\/a><\/h2>\n<p><strong>+++ <a href=\"https:\/\/www.heinehaus.de\/index.php\/2012\/04\/11\/batorkinski\/\" target=\"_self\" rel=\"noopener noreferrer\">Joanna Bator<\/a><\/strong>, die wohl st\u00e4rkste neue Stimme der polnischen Literatur trifft auf ihre \u00dcbersetzerin <a href=\"https:\/\/www.heinehaus.de\/index.php\/2012\/04\/11\/batorkinski\/\" target=\"_self\" rel=\"noopener noreferrer\"><strong>Esther Kinsky<\/strong><\/a>, selbst erfolgreiche Autorin von Lyrik und Prosa. Gemeinsam pr\u00e4sentieren sie den Roman \u201eSandberg\u201c. Am 3. Mai. <strong>+++ <a href=\"https:\/\/www.heinehaus.de\/index.php\/2012\/04\/11\/batorkinski\/\" target=\"_self\" rel=\"noopener noreferrer\">mehr<\/a><\/strong><\/p>\n<p><strong>+++ <\/strong>Am 6. Mai stellt <a href=\"https:\/\/www.heinehaus.de\/index.php\/2012\/04\/11\/auslese-manfred-trojahn\/\" target=\"_self\" rel=\"noopener noreferrer\"><strong>Manfred Trojahn<\/strong><\/a>, Komponist und Professor f\u00fcr Komposition an der Robert-Schumann-Hochschule D\u00fcsseldorf, seine \u201eAuslese\u201c in der Kunstsammlung NRW vor. <strong>+++ <a href=\"https:\/\/www.heinehaus.de\/index.php\/2012\/04\/11\/auslese-manfred-trojahn\/\" target=\"_self\" rel=\"noopener noreferrer\">mehr<\/a><\/strong><\/p>\n<p><strong>+++ <\/strong>In ihrem ersten Roman teilt <a href=\"https:\/\/www.heinehaus.de\/index.php\/2012\/04\/11\/marionbrasch\/\" target=\"_self\" rel=\"noopener noreferrer\"><strong>Marion Brasch<\/strong><\/a> mit uns die Erfahrungen einer ganz besonderen Kindheit in der DDR. Am 10. Mai. <strong>+++ <a href=\"https:\/\/www.heinehaus.de\/index.php\/2012\/04\/11\/marionbrasch\/\" target=\"_self\" rel=\"noopener noreferrer\">mehr<\/a><\/strong><\/p>\n<p><strong>+++ <\/strong>Mit ihrem Romandeb\u00fct machte<strong> <a href=\"https:\/\/www.heinehaus.de\/index.php\/2012\/04\/11\/maja-haderlap\/\" target=\"_self\" rel=\"noopener noreferrer\">Maja Haderlap<\/a><\/strong> im vergangenen Jahr in Klagenfurt Furore. Sie liest aus \u201eEngel des Vergessens\u201c am 14. Mai. <strong>+++ <a href=\"https:\/\/www.heinehaus.de\/index.php\/2012\/04\/11\/maja-haderlap\/\" target=\"_self\" rel=\"noopener noreferrer\">mehr<\/a><\/strong><\/p>\n<p><strong>+++ <\/strong>Das Kettengedicht \u201eSprechendes Wasser\u201c ist das Zeugnis eines hochpoetischen, eindrucksvollen Dialoges zwischen Ost und West. <a href=\"https:\/\/www.heinehaus.de\/index.php\/2012\/04\/11\/tanikawa-shuntaro\/\" target=\"_self\" rel=\"noopener noreferrer\"><strong>Tanikawa Shuntar\u00f4<\/strong><\/a> und<strong> <a href=\"https:\/\/www.heinehaus.de\/index.php\/2012\/04\/11\/tanikawa-shuntaro\/\" target=\"_self\" rel=\"noopener noreferrer\">J\u00fcrg Halter<\/a><\/strong> lesen am 23. Mai im Heine Haus <strong>+++ <a href=\"https:\/\/www.heinehaus.de\/index.php\/2012\/04\/11\/tanikawa-shuntaro\/\" target=\"_self\" rel=\"noopener noreferrer\">mehr<\/a><\/strong><\/p>\n<p><strong>+++ <\/strong>Nach den erfolgreichen Abenden der vergangenen Saison setzt das <a href=\"https:\/\/www.heinehaus.de\/index.php\/2012\/04\/11\/opernstudio-schauergeschichten\/\" target=\"_self\" rel=\"noopener noreferrer\"><strong>Opernstudio<\/strong><\/a> am 1. Juni 2012 seine Kooperation mit dem Heine Haus fort. <strong>+++ <a href=\"https:\/\/www.heinehaus.de\/index.php\/2012\/04\/11\/opernstudio-schauergeschichten\/\" target=\"_self\" rel=\"noopener noreferrer\">mehr<\/a><\/strong><\/p>\n<p><strong>+++ <\/strong>Das Heine Haus ehrt <strong><a href=\"https:\/\/www.heinehaus.de\/index.php\/2012\/04\/11\/bruckner-liest-wolf\/\" target=\"_self\" rel=\"noopener noreferrer\">Ror Wolf<\/a> <\/strong>mit einer Lesung aus dem Roman durch Deutschlands bekannteste Stimme: <a href=\"https:\/\/www.heinehaus.de\/index.php\/2012\/04\/11\/bruckner-liest-wolf\/\" target=\"_self\" rel=\"noopener noreferrer\"><strong>Christian Br\u00fcckner<\/strong><\/a>. Am 5. Juni.<strong>+++ <a href=\"https:\/\/www.heinehaus.de\/index.php\/2012\/04\/11\/bruckner-liest-wolf\/\" target=\"_self\" rel=\"noopener noreferrer\">mehr<\/a><\/strong><br \/>\n<strong><br \/>\n<\/strong><strong>+++ <\/strong><strong><a href=\"https:\/\/www.heinehaus.de\/index.php\/2012\/04\/11\/anna-katharina-hahn\/\" target=\"_self\" rel=\"noopener noreferrer\">Anna Katharina Hahn<\/a><\/strong> ver\u00f6ffentlicht ihren zweiten Roman und positioniert sich damit auf der Shortlist f\u00fcr den Preis der Leipziger Buchmesse 2012. Sie liest im Heine Haus am 12. Juni. <strong>+++<a href=\"https:\/\/www.heinehaus.de\/index.php\/2012\/04\/11\/anna-katharina-hahn\/\" target=\"_self\" rel=\"noopener noreferrer\"> mehr<\/a><\/strong><\/p>\n<\/div>\n<div>\n<h2><a title=\"Unser Programm im M\u00e4rz\/April 2012\" href=\"https:\/\/www.heinehaus.de\/index.php\/2012\/03\/01\/maerzapri2012\/\" rel=\"bookmark\">&nbsp;<\/a><\/h2>\n<h2><\/h2>\n<h2><a title=\"Unser Programm im M\u00e4rz\/April 2012\" href=\"https:\/\/www.heinehaus.de\/index.php\/2012\/03\/01\/maerzapri2012\/\" rel=\"bookmark\">Unser Programm im M\u00e4rz\/April 2012<\/a><\/h2>\n<p><strong>+++ <\/strong>Der Schriftsteller <a href=\"https:\/\/www.heinehaus.de\/index.php\/2012\/03\/14\/\" target=\"_self\" rel=\"noopener noreferrer\"><strong>Manfred Fl\u00fcgge<\/strong><\/a> ist seit \u00fcber 30 Jahren einer der besten Kenner<strong> <a href=\"https:\/\/www.heinehaus.de\/index.php\/2012\/03\/14\/\" target=\"_self\" rel=\"noopener noreferrer\">St\u00e9phane Hessels<\/a>.<\/strong> Im Heine Haus treffen sich die beiden zum Gespr\u00e4ch. Am 14. M\u00e4rz <strong>+++<\/strong> <strong><a href=\"https:\/\/www.heinehaus.de\/index.php\/2012\/03\/14\/\" target=\"_self\" rel=\"noopener noreferrer\">mehr<\/a><\/strong><\/p>\n<p><strong>+++ <\/strong>Die in S\u00fcdfrankreich lebende <a href=\"https:\/\/www.heinehaus.de\/index.php\/2012\/02\/07\/vanderbeke\/\" target=\"_self\" rel=\"noopener noreferrer\"><strong>Birgit Vanderbeke<\/strong><\/a> l\u00e4dt im Heine Haus zu Tisch, um uns ein <strong>4-g\u00e4ngiges Men\u00fc <\/strong>zu offerieren: ausgew\u00e4hlte K\u00f6stlichkeiten aus ihrer Wahlheimat. Am 16. M\u00e4rz <strong>+++<\/strong> <a href=\"https:\/\/www.heinehaus.de\/index.php\/2012\/02\/07\/vanderbeke\/\" target=\"_self\" rel=\"noopener noreferrer\"> <strong> mehr<\/strong><\/a><\/p>\n<p><strong>+++ <\/strong>Mit k\u00fchler Ironie und beeindruckender Pr\u00e4gnanz erz\u00e4hlt <strong><a href=\"https:\/\/www.heinehaus.de\/index.php\/2012\/02\/07\/olga-grjasnowa\/\" target=\"_self\" rel=\"noopener noreferrer\">Olga Grjasnowa<\/a> <\/strong>in ihrem Deb\u00fct mit viel Sinn f\u00fcr das Wesentliche die Geschichte einer Generation, die keine Grenzen aber auch keine Heimat hat. Am 21. M\u00e4rz <strong>+++<\/strong><a href=\"https:\/\/www.heinehaus.de\/index.php\/2012\/02\/07\/olga-grjasnowa\/\" target=\"_self\" rel=\"noopener noreferrer\"> <strong> mehr<\/strong><\/a><\/p>\n<p><strong>+++ <\/strong>Der aktuelle <a href=\"https:\/\/www.heinehaus.de\/index.php\/2012\/03\/27\/\" target=\"_self\" rel=\"noopener noreferrer\"><strong>B\u00fcchner-Preistr\u00e4ger Friedrich Christian Delius<\/strong><\/a> ist der poetische Chronist deutscher Zust\u00e4nde. Er liest aus seinem Erinnerungsband im Heine Haus am 27. M\u00e4rz. <strong>+++<\/strong><a href=\"https:\/\/www.heinehaus.de\/index.php\/2012\/03\/27\/\" target=\"_self\" rel=\"noopener noreferrer\"> <strong> mehr<\/strong><\/a><\/p>\n<p><strong>+++ <\/strong>Seit 2009 ist <a href=\"https:\/\/www.heinehaus.de\/index.php\/2012\/04\/12\/\" target=\"_self\" rel=\"noopener noreferrer\"><strong>Bernd Desinger<\/strong><\/a> Leiter des D\u00fcsseldorfer Filmmuseums. Mit \u201aArthurs Entf\u00fchrung\u2019 legt der Autor einen fesselnden Roman \u00fcber Freundschaft vor. Er liest daraus am 12. April. <strong>+++ <\/strong> <strong> <a href=\"https:\/\/www.heinehaus.de\/index.php\/2012\/04\/12\/\" target=\"_self\" rel=\"noopener noreferrer\">mehr<\/a><\/strong><\/p>\n<p><strong>+++ <\/strong>\u201aVoltaire bei Friedrich II.\u2019 so der Untertitel der Novelle von <a href=\"https:\/\/www.heinehaus.de\/index.php\/2012\/04\/18\/?ec3_listing=events\" target=\"_self\" rel=\"noopener noreferrer\"><strong>Hans Joachim Sch\u00e4dlich<\/strong><\/a>, p\u00fcnktlich zum Jubil\u00e4umsjahr von Friedrich dem Gro\u00dfen. Hans Joachim Sch\u00e4dlich liest im Heine Haus am 18. April. <strong>+++<\/strong><a href=\"https:\/\/www.heinehaus.de\/index.php\/2012\/04\/18\/?ec3_listing=events\" target=\"_self\" rel=\"noopener noreferrer\"><strong> mehr<\/strong><\/a><\/p>\n<\/div>\n<div>\n<h2><a title=\"Birgit Vanderbeke kocht \u00bbPoulet \u00e0 la cr\u00e8me\u00ab\" href=\"https:\/\/www.heinehaus.de\/index.php\/2012\/02\/07\/birgit-vanderbeke-kocht-%c2%bbpoulet-a-la-creme%c2%ab\/\" rel=\"bookmark\">&nbsp;<\/a><\/h2>\n<h2><\/h2>\n<h2><a title=\"Birgit Vanderbeke kocht \u00bbPoulet \u00e0 la cr\u00e8me\u00ab\" href=\"https:\/\/www.heinehaus.de\/index.php\/2012\/02\/07\/birgit-vanderbeke-kocht-%c2%bbpoulet-a-la-creme%c2%ab\/\" rel=\"bookmark\">Birgit Vanderbeke kocht \u00bbPoulet \u00e0 la cr\u00e8me\u00ab<\/a><\/h2>\n<p><strong>Autoren kochen f\u00fcr Leser<br \/>\n16.03.2012, Fr. 19:30 Uhr<br \/>\nBirgit Vanderbeke kocht \u00bbPoulet \u00e0 la cr\u00e8me\u00ab<br \/>\nGebrauchsanweisung f\u00fcr S\u00fcdfrankreich. (Verlag Piper)<\/strong><br \/>\nIn der Reihe Heine Haus Literarisch-Kulinarisch<\/p>\n<p><a href=\"https:\/\/www.heinehaus.de\/wp-content\/uploads\/2012\/02\/MENUEVANDERBEKE.jpg\"><img decoding=\"async\" loading=\"lazy\" title=\"MENUEVANDERBEKE\" src=\"https:\/\/www.heinehaus.de\/wp-content\/uploads\/2012\/02\/MENUEVANDERBEKE.jpg\" alt=\"\" width=\"450\" height=\"480\"><\/a><\/p>\n<p>Die mit zahlreichen Literaturpreisen ausgezeichnete Autorin Birgit Vanderbeke wei\u00df, was Sie wissen sollten, bevor Sie nach S\u00fcdfrankreich aufbrechen. Und sie verr\u00e4t Ihnen eine Menge \u00fcber den Eigensinn der Menschen dort, \u00fcber ihre Fahrk\u00fcnste und \u00fcber ihre leidenschaftliche Anarchie\u2026 Au\u00dferdem l\u00e4dt die aus dem Brandenburgischen stammende und jetzt in S\u00fcdfrankreich lebende Autorin im Heine Haus zu Tisch, um uns ein 4-g\u00e4ngiges Men\u00fc zu offerieren: ausgew\u00e4hlte K\u00f6stlichkeiten aus ihrer Wahlheimat.<\/p>\n<p>Veranstalter: Verein zur F\u00f6rderung des Heinrich-Heine-Geburtshauses e.V., M\u00fcller &amp; B\u00f6hm Literaturhandlung<\/p>\n<p><em><strong>Ort: Heine Haus, Bolkerstr. 53, 40213 D\u00fcsseldorf.<\/strong><\/em><\/p>\n<p><strong>Eintritt: 40,00 Euro<br \/>\nReservierung erforderlich! Bitte unter Telefonnummer 0211\/200 54 294<br \/>\nDer Eintrittspreis beeinhaltet das 4-g\u00e4ngige Men\u00fc incl. 2 Gl\u00e4ser Wein\/Wasser<\/strong><\/p>\n<\/div>\n<div>\n<h2><a title=\"Unser Programm im Januar\/Februar 2012\" href=\"https:\/\/www.heinehaus.de\/index.php\/2012\/01\/01\/januarfebruar\/\" rel=\"bookmark\">&nbsp;<\/a><\/h2>\n<hr>\n<h2><a title=\"Unser Programm im Januar\/Februar 2012\" href=\"https:\/\/www.heinehaus.de\/index.php\/2012\/01\/01\/januarfebruar\/\" rel=\"bookmark\">Unser Programm im Januar\/Februar 2012<\/a><\/h2>\n<p><strong>+++<\/strong> In seiner Heimat wird er verfolgt, in der Frankfurter Paulskirche wurde er im Oktober mit einer der h\u00f6chsten kulturellen Auszeichnungen \u00fcberhaupt geehrt: Der algerische Schriftsteller <a href=\"https:\/\/www.heinehaus.de\/index.php\/2011\/12\/16\/sansal\/\" target=\"_self\" rel=\"noopener noreferrer\"><strong>Boualem Sansal<\/strong><\/a> ist der Friedenspreistr\u00e4ger des Deutschen Buchhandels. Im Heine Haus liest er u.a. aus seinem Roman \u201eHarraga\u201c. Am 26.1. <strong><a href=\"https:\/\/www.heinehaus.de\/index.php\/2011\/12\/16\/sansal\/\" target=\"_self\" rel=\"noopener noreferrer\">mehr<\/a> +++<\/strong><\/p>\n<p><strong>+++<\/strong> Die Kunstsammlung Nordrheinwestfalen l\u00e4dt in Kooperation mit der Literaturhandlung M\u00fcller &amp; B\u00f6hm regelm\u00e4\u00dfig literaturbegeisterte B\u00fcrger ein. Dieses Mal: die Schriftstellerin <strong><a href=\"https:\/\/www.heinehaus.de\/index.php\/2011\/12\/16\/auslese-ingrid-bacher\/\" target=\"_self\" rel=\"noopener noreferrer\">Ingrid Bach\u00e9r<\/a>. <\/strong>Am 5.2. <strong><a href=\"https:\/\/www.heinehaus.de\/index.php\/2011\/12\/16\/auslese-ingrid-bacher\/\" target=\"_self\" rel=\"noopener noreferrer\">mehr<\/a> +++<\/strong><\/p>\n<p><strong>+++<\/strong> Der gro\u00dfe Illustrator und Kinderbuchautor <a href=\"https:\/\/www.heinehaus.de\/index.php\/2011\/12\/16\/erlbruch\/\" target=\"_self\" rel=\"noopener noreferrer\"><strong>Wolf Erlbruch<\/strong><\/a> macht f\u00fcr eine Signierstunde Station im Heine Haus. Am 11.2. um 15.00 Uhr.<strong> <a href=\"https:\/\/www.heinehaus.de\/index.php\/2011\/12\/16\/erlbruch\/\" target=\"_self\" rel=\"noopener noreferrer\">mehr<\/a> +++<\/strong><\/p>\n<p><strong>+++ <\/strong>Der neue Roman des katalanisch schreibenden Erfolgsautors<a href=\"https:\/\/www.heinehaus.de\/index.php\/2011\/12\/16\/cabre\/\" target=\"_self\" rel=\"noopener noreferrer\"> <strong>Jaume Cabr\u00e9<\/strong> <\/a> \u201eDas Schweigen des Sammlers\u201c ist gerade auf Deutsch erschienen. Am 23.2. liest er daraus im Heine Haus. <strong><a href=\"https:\/\/www.heinehaus.de\/index.php\/2011\/12\/16\/cabre\/\" target=\"_self\" rel=\"noopener noreferrer\">mehr<\/a> +++<\/strong><\/p>\n<\/div>\n","protected":false},"excerpt":{"rendered":"<p>Unser Programm im November\/Dezember 2012. +++&nbsp;Am 4. November pr\u00e4sentiert der leidenschaftliche B\u00fccherliebhaber und passionierte Leser (und Rechtsanwalt) Peter W. Speich im Caf\u00e9 Lieshout der Kunstsammlung seine Auslese. +++ mehr +++&nbsp;Die beiden Autoren Peter von Matt und Thomas Meyer stellen im Heine Haus ihre f\u00fcr den Schweizer Buchpreis nominierten B\u00fccher vor. Am 6.November +++ mehr +++ Zu Ehren des 100. Geburtstages von John Cage erleben wir einen Abend mit Roland Techet, Alexandra von der Weth, Gerhard Staebler, Kunsu Shim, Josef Anton Riedl. Am 15. November +++ mehr +++ Wir laden herzlich ein zu Lesung, Ausstellung und Gespr\u00e4ch mit Elger Esser und Peter Kurzeck. Am 20. November +++ mehr +++ Am 26. November pr\u00e4sentiert Durs Gr\u00fcnbein seinem dreizehnten Gedichtband und stellt auf&#8230;<\/p>\n","protected":false},"author":2,"featured_media":0,"parent":23,"menu_order":0,"comment_status":"closed","ping_status":"open","template":"","meta":{"_mc_calendar":[]},"_links":{"self":[{"href":"https:\/\/www.heinehaus.de\/index.php\/wp-json\/wp\/v2\/pages\/1202"}],"collection":[{"href":"https:\/\/www.heinehaus.de\/index.php\/wp-json\/wp\/v2\/pages"}],"about":[{"href":"https:\/\/www.heinehaus.de\/index.php\/wp-json\/wp\/v2\/types\/page"}],"author":[{"embeddable":true,"href":"https:\/\/www.heinehaus.de\/index.php\/wp-json\/wp\/v2\/users\/2"}],"replies":[{"embeddable":true,"href":"https:\/\/www.heinehaus.de\/index.php\/wp-json\/wp\/v2\/comments?post=1202"}],"version-history":[{"count":7,"href":"https:\/\/www.heinehaus.de\/index.php\/wp-json\/wp\/v2\/pages\/1202\/revisions"}],"predecessor-version":[{"id":7980,"href":"https:\/\/www.heinehaus.de\/index.php\/wp-json\/wp\/v2\/pages\/1202\/revisions\/7980"}],"up":[{"embeddable":true,"href":"https:\/\/www.heinehaus.de\/index.php\/wp-json\/wp\/v2\/pages\/23"}],"wp:attachment":[{"href":"https:\/\/www.heinehaus.de\/index.php\/wp-json\/wp\/v2\/media?parent=1202"}],"curies":[{"name":"wp","href":"https:\/\/api.w.org\/{rel}","templated":true}]}}