{"id":4617,"date":"2019-05-23T16:08:47","date_gmt":"2019-05-23T16:08:47","guid":{"rendered":"http:\/\/www.heinehaus.de\/?page_id=4617"},"modified":"2020-07-24T12:15:21","modified_gmt":"2020-07-24T12:15:21","slug":"archiv-2018","status":"publish","type":"page","link":"https:\/\/www.heinehaus.de\/index.php\/archive\/archiv-2018\/","title":{"rendered":"Archiv 2018"},"content":{"rendered":"<p><strong>Dezember 2018<br \/>\n<\/strong><\/p>\n<p><strong>+++<\/strong> Andrea Sawatzki liest am 01.12.2018 anl\u00e4sslich der Heine-Preisverleihung 2018 aus Heinrich Heines &#8222;Ideen. Das Buch Le Grand&#8220;. <strong>+++<\/strong> <a href=\"https:\/\/www.heinehaus.de\/index.php\/2018\/11\/26\/4186\/\"><strong>mehr<\/strong><\/a><\/p>\n<p><strong>+++<\/strong>\u00a0Am 13.12.2018 fragen Norbert Kentrup, Schauspieler, Regisseur und Hans-Heinrich Grosse-Brockhoff Kulturstaatssekret\u00e4r in NRW a.D\u00a0&#8222;Wie viel Freiheit w\u00fcnschen wir uns, aber wie viel halten wir aus?\u00a0<strong>+++<\/strong> <a href=\"https:\/\/www.heinehaus.de\/index.php\/2018\/11\/26\/hans-heinrich-grosse-brockhoff-und-norbert-kentrup\/\"><strong>mehr<\/strong><\/a><\/p>\n<p><strong>\u00a0<\/strong><\/p>\n<hr \/>\n<p><strong>Oktober, November 2018<\/strong><\/p>\n<p><strong>\u00a0<\/strong><\/p>\n<p><strong>+++<\/strong> Das D\u00fcsseldorfer<strong> Toy Piano Festival 2018<\/strong> mit <strong>Frederike M\u00f6ller<\/strong> und <strong>Oswald Egger.<\/strong> Am <strong>4. Oktober<\/strong> <strong>+++<\/strong> <a href=\"https:\/\/www.heinehaus.de\/index.php\/2018\/09\/24\/toy-piano-festival-2018\/\"><strong>mehr<\/strong><\/a><\/p>\n<p><strong>+++<\/strong> Nach<em> Es war einmal ein Igel <\/em>endlich neue Tiergedichte von<strong> Franz Hohler<\/strong>. Am <strong>5. Oktober<\/strong> <strong>+++<\/strong> <a href=\"https:\/\/www.heinehaus.de\/index.php\/2018\/09\/24\/franz-hohler\/\"><strong>mehr<\/strong><\/a><\/p>\n<p><strong>+++<\/strong> Der vielfach ausgezeichnete Schriftsteller und Drehbuchautor <strong>Robert Seethaler<\/strong> ist f\u00fcr eine Signierstunde zu Gast in der Literaturhandlung M\u00fcller\u2009&amp;\u2009\u2009B\u00f6hm im Heine Haus. Am <strong>13. Oktober<\/strong> <strong>+++<\/strong> <a href=\"https:\/\/www.heinehaus.de\/index.php\/2018\/09\/24\/robert-seethaler\/\"><strong>mehr<\/strong><\/a><\/p>\n<p><strong>+++<\/strong> <strong> Francesca Melandri<\/strong> entfaltet eine unglaubliche Familiengeschichte und thematisiert die bisher verdr\u00e4ngte Kolonialgeschichte Italiens. Im Heine Haus am <strong>15. Oktober<\/strong> <strong>+++<\/strong> <a href=\"https:\/\/www.heinehaus.de\/index.php\/2018\/09\/24\/francesca-melandri\/\"><strong>mehr<\/strong><\/a><\/p>\n<p><strong>+++<\/strong> Die Friedenspreistr\u00e4ger des deutschen Buchhandels 2018<strong> Aleida Assmann <\/strong>und<strong> Jan Assmann<\/strong> kommen ins Heine Haus. Am <strong>17. Oktober +++<\/strong> <a href=\"https:\/\/www.heinehaus.de\/index.php\/2018\/09\/24\/aleida-assmann-und-jan-assmann\/\"><strong>mehr<\/strong><\/a><\/p>\n<p><strong>+++<\/strong> Am <strong>20. Oktober<\/strong> findet die Finissage der Ausstellung: <strong>Der Held im Pardelfell<\/strong> in Anwesenheit der K\u00fcnstlerin <strong>Kat Menschik<\/strong> statt <strong>+++<\/strong> <a href=\"https:\/\/www.heinehaus.de\/index.php\/2018\/09\/24\/finissage\/\"><strong>mehr<\/strong><\/a><\/p>\n<p><strong>+++<\/strong> <strong>Karl-Heinz Ott<\/strong> liest aus seinem brillantem, b\u00f6sem Roman <em><strong>Und jeden Morgen das Meer<\/strong><\/em> am <strong>6. November<\/strong> <strong>+++<\/strong> <a href=\"https:\/\/www.heinehaus.de\/index.php\/2018\/09\/24\/karl-heinz-ott\/\"><strong>mehr<\/strong><\/a><\/p>\n<p><strong>+++ Lucien Leites<\/strong>, der Verleger des Unionsverlags, hat mit Blick auf die Kunstsammlung NRW eine pers\u00f6nliche Auswahl getroffen und stellt sie am <strong>11. November<\/strong> vor. <strong>+++<\/strong> <a href=\"https:\/\/www.heinehaus.de\/index.php\/2018\/09\/24\/auslese-lucien-leites\/\"><strong>mehr<\/strong><\/a><\/p>\n<p><strong>+++ Beatrix Langner <\/strong>ist die Autorin des 40. Bandes der Reihe Naturkunden, herausgegeben von Judith Schalansky und hat darin die Kr\u00f6te portraitiert. Am <strong>15. November +++ <a href=\"https:\/\/www.heinehaus.de\/index.php\/2018\/09\/24\/beatrix-langner-kroeten\/\">mehr<\/a><\/strong><\/p>\n<p><strong>+++ A.L. Kennedy<\/strong> (Heine-Preistr\u00e4gerin 2016) hat in ihrem neuen, gro\u00dfen London-Roman eine Geschichte der Wiedergutmachung geschrieben. Sie liest daraus am<strong> 22. November +++ <a href=\"https:\/\/www.heinehaus.de\/index.php\/2018\/09\/24\/a-l-kennedy\/\">mehr<\/a><\/strong><\/p>\n<p><strong>+++ Tobias Lehmkuhl<\/strong> erz\u00e4hlt das Leben der Ausnahmek\u00fcnstlerin <strong>Nico<\/strong>: Eine rasante Biographie \u2013 und das einf\u00fchlsame Portr\u00e4t einer faszinierenden Frau. Am<strong> 26. November<\/strong> <strong>+++<\/strong> <a href=\"https:\/\/www.heinehaus.de\/index.php\/2018\/09\/24\/nico\/\"><strong>mehr<\/strong><\/a><\/p>\n<p><strong>+++<\/strong> Im Heine Haus wird das Melodram<em><strong> Verpasste Gelegenheiten<\/strong><\/em> am <strong>29. November<\/strong> von <strong>Michael Kr\u00fcger <\/strong>und<strong> Manfred Trojahn <\/strong>mit<strong> Hanni Liang<\/strong> am Klavier vorgestellt. <strong>+++<\/strong> <a href=\"https:\/\/www.heinehaus.de\/index.php\/2018\/09\/24\/verpasste-gelegenheiten\/\"><strong>mehr<\/strong><\/a><\/p>\n<p><strong>\u00a0<\/strong><\/p>\n<hr \/>\n<p><strong>August, September 2018<\/strong><\/p>\n<p><strong>\u00a0<\/strong><\/p>\n<p><strong>+++<\/strong> <a href=\"https:\/\/www.heinehaus.de\/index.php\/2018\/07\/15\/julia-von-lucadou\/\"><strong>Julia von Lucadou<\/strong><\/a> hat mit dem Roman <em><strong>Die Hochhausspringerin<\/strong> <\/em>eine fesselnde Dystopie geschaffen. +++ am <strong>27. August <\/strong>ist sie bei uns zu Gast<strong>+++<a href=\"https:\/\/www.heinehaus.de\/index.php\/2018\/07\/15\/julia-von-lucadou\/\"> mehr<\/a><\/strong><\/p>\n<p><strong>+++ <a href=\"https:\/\/www.heinehaus.de\/index.php\/2018\/07\/15\/der-held-im-pardelfell\/\">Tilman Spreckelsen<\/a><\/strong> (Redakteur FAZ) und <a href=\"https:\/\/www.heinehaus.de\/index.php\/2018\/07\/15\/der-held-im-pardelfell\/\"><strong>Kat Menschik<\/strong><\/a> (K\u00fcnstlerin und Illustratorin) haben sich dem georgischen Nationalepos\u00a0 <em><strong>Der Held im Pardelfell<\/strong><\/em> von Schota Rustaweli gewidmet. <strong>+++<\/strong> am <strong>31. August +++ <a href=\"https:\/\/www.heinehaus.de\/index.php\/2018\/07\/15\/der-held-im-pardelfell\/\">mehr<\/a><\/strong><\/p>\n<p><strong>+++\u00a0 <a href=\"https:\/\/www.heinehaus.de\/index.php\/2018\/07\/15\/h-m-van-den-brink\/\">H.M. van den Brink<\/a><\/strong> hat in seinem Roman berufliche N\u00e4he und gr\u00f6\u00dftm\u00f6gliche pers\u00f6nliche Distanz zu einer einf\u00fchlsamen Geschichte \u00fcber den Beruf, das Leben und Ver\u00e4nderung arrangiert. <strong>+++<\/strong> am<strong> 4. September +++ <a href=\"https:\/\/www.heinehaus.de\/index.php\/2018\/07\/15\/h-m-van-den-brink\/\">mehr<\/a><\/strong><\/p>\n<p><strong>+++<\/strong> Literatur-Lesen im Heine Haus mit dem Dozenten<strong> Heinz-Norbert Jocks<\/strong> <strong>+++<\/strong> am<strong> 6. September +++ <a href=\"https:\/\/www.heinehaus.de\/index.php\/2018\/07\/15\/literatur-lesen-mit-heinz-norbert-jocks\/\">mehr<\/a><\/strong><\/p>\n<p><strong>+++<\/strong> Der Tatsachenroman von <a href=\"https:\/\/www.heinehaus.de\/index.php\/2018\/07\/15\/3983\/\"><strong>Olivier Guez <\/strong><\/a>liest sich wie ein rasanter Politthriller und wahrt zugleich die notwendige Distanz. <em><strong>La Disparition de Josef Mengele<\/strong><\/em> wurde mit dem Prix Renaudot 2017 ausgezeichnet. <strong>+++<\/strong> <strong>Olivier Guez<\/strong> besucht am <strong>11. September <\/strong>das Heine Haus<strong>+++ <a href=\"https:\/\/www.heinehaus.de\/index.php\/2018\/07\/15\/3983\/\">mehr<\/a><\/strong><\/p>\n<p><strong>+++ <a href=\"https:\/\/www.heinehaus.de\/index.php\/2018\/07\/15\/clementine-beauvais\/\">Cl\u00e9mentine Beauvais<\/a><\/strong> erz\u00e4hlt in <em><strong>Die K\u00f6niginnen der W\u00fcrstchen<\/strong> <\/em>eine Geschichte \u00fcber einen chaotischen, am\u00fcsanten und herzzerrei\u00dfenden Roadtrip. <strong>+++<\/strong> Eine geschlossene Veranstaltung f\u00fcr Schulen. <strong>+++<\/strong> am <strong>18. September +++ <a href=\"https:\/\/www.heinehaus.de\/index.php\/2018\/07\/15\/clementine-beauvais\/\">mehr<\/a><\/strong><\/p>\n<p><strong>+++<\/strong> Die <strong>Deutsche Oper am Rhein<\/strong> ist zu Gast im Heine Haus<strong> mit rum\u00e4nischen Liedern und Texten<\/strong>. <strong>+++<\/strong> Am<strong> 20. September +++ <a href=\"https:\/\/www.heinehaus.de\/index.php\/2018\/07\/15\/3997\/\">mehr<\/a><\/strong><\/p>\n<p><strong>\u00a0<\/strong><\/p>\n<hr \/>\n<p><strong>Juni, Juli 2018<\/strong><\/p>\n<p><strong>\u00a0<\/strong><\/p>\n<p><strong>+++<\/strong> Ehrlich, einf\u00fchlsam und sehr witzig entfaltet das Buch von <a href=\"https:\/\/www.heinehaus.de\/index.php\/2018\/05\/08\/annette-herzog\/\"><strong>Annette Herzog<\/strong><\/a> den ganzen Kosmos verliebter Teenager. Eine geschlossene Veranstaltung am<strong> 11. Juni<\/strong> f\u00fcr Schulen. Anmeldung erforderlich. <a href=\"https:\/\/www.heinehaus.de\/index.php\/2018\/05\/08\/annette-herzog\/\" target=\"_blank\" rel=\"noopener noreferrer\">+++ <strong>mehr<\/strong><\/a><\/p>\n<p><strong><img decoding=\"async\" loading=\"lazy\" class=\"alignleft size-medium wp-image-3933\" src=\"https:\/\/www.heinehaus.de\/wp-content\/uploads\/2018\/05\/Kinsky_Esther_201_bis06_09_2019cHeike-Steinweg_SV-300x200.jpg\" alt=\"Kinsky_Esther_201_bis06_09_2019(c)Heike-Steinweg_SV\" width=\"300\" height=\"200\" srcset=\"https:\/\/www.heinehaus.de\/wp-content\/uploads\/2018\/05\/Kinsky_Esther_201_bis06_09_2019cHeike-Steinweg_SV-300x200.jpg 300w, https:\/\/www.heinehaus.de\/wp-content\/uploads\/2018\/05\/Kinsky_Esther_201_bis06_09_2019cHeike-Steinweg_SV-768x511.jpg 768w, https:\/\/www.heinehaus.de\/wp-content\/uploads\/2018\/05\/Kinsky_Esther_201_bis06_09_2019cHeike-Steinweg_SV-490x326.jpg 490w, https:\/\/www.heinehaus.de\/wp-content\/uploads\/2018\/05\/Kinsky_Esther_201_bis06_09_2019cHeike-Steinweg_SV.jpg 1200w\" sizes=\"(max-width: 300px) 100vw, 300px\" \/><\/strong><\/p>\n<p><strong>+++<a href=\"https:\/\/www.heinehaus.de\/index.php\/2018\/05\/08\/3916\/\"> Esther Kinsky<\/a><\/strong>, diesj\u00e4hrige Preistr\u00e4gerin der Leipziger Buchmesse und des D\u00fcsseldorfer Literaturpreises, ist erneut zu Gast im Heine Haus. Am <strong>12. Juni<\/strong> liest sie aus ihrem neuen Buch<strong> Hain. +++ <a href=\"https:\/\/www.heinehaus.de\/index.php\/2018\/05\/08\/3916\/\">mehr<\/a><\/strong><\/p>\n<p><strong>+++ <a href=\"https:\/\/www.heinehaus.de\/index.php\/2018\/05\/08\/maryam-madjidi\/\" target=\"_blank\" rel=\"noopener noreferrer\">Maryam Madjidi<\/a><\/strong> erz\u00e4hlt in ihrem autobiographischen Deb\u00fct von ihrer Kindheit im Iran und ihrem neuen Leben in Paris. Sie gewann 2017 in Frankreich den Prix Goncourt f\u00fcr das beste Deb\u00fct des Jahres.\u00a0Am<a href=\"https:\/\/www.heinehaus.de\/index.php\/2018\/05\/08\/maryam-madjidi\/\"><strong> 18. Juni<\/strong><\/a> kommt sie nach D\u00fcsseldorf.<strong> +++ <a href=\"https:\/\/www.heinehaus.de\/index.php\/2018\/05\/08\/maryam-madjidi\/\">mehr<\/a><\/strong><\/p>\n<p><strong><img decoding=\"async\" loading=\"lazy\" class=\"alignleft wp-image-3935\" src=\"https:\/\/www.heinehaus.de\/wp-content\/uploads\/2018\/05\/Margriet_de_Moor_Neefjes-231x300.jpg\" alt=\"Margriet_de_Moor_Neefjes\" width=\"185\" height=\"242\" srcset=\"https:\/\/www.heinehaus.de\/wp-content\/uploads\/2018\/05\/Margriet_de_Moor_Neefjes-461x600.jpg 461w, https:\/\/www.heinehaus.de\/wp-content\/uploads\/2018\/05\/Margriet_de_Moor_Neefjes.jpg 596w\" sizes=\"(max-width: 185px) 100vw, 185px\" \/>+++ <a href=\"https:\/\/www.heinehaus.de\/index.php\/2018\/05\/08\/margriet-de-moor\/\">Margriet de Moor<\/a><\/strong> erz\u00e4hlt in ihrem neuen Roman von drei starken Frauen \u2013 spannend, dicht und unglaublich raffiniert. Sie liest im Heine Haus am <strong><a href=\"https:\/\/www.heinehaus.de\/index.php\/2018\/05\/08\/margriet-de-moor\/\">5. Juli.<\/a> +++ <a href=\"https:\/\/www.heinehaus.de\/index.php\/2018\/05\/08\/margriet-de-moor\/\">mehr<\/a><\/strong><\/p>\n<p>+++ Studierende der Heinrich-Heine-Universit\u00e4t pr\u00e4sentieren am <strong>7. Juli<\/strong> Ergebnisse ihrer Auseinandersetzung mit<a href=\"https:\/\/www.heinehaus.de\/index.php\/2018\/05\/08\/3927\/?preview=true\"><strong> Floh de Cologne<\/strong><\/a>. In einem Gespr\u00e4ch diskutieren\u00a0Dieter Klemm\u00a0(Floh de Cologne),\u00a0Bj\u00f6rn Beneditz\u00a0(Deichkind) und\u00a0Felix Klopotek\u00a0(Journalist) die Wirkungsgeschichte der Band und das Verh\u00e4ltnis von Popkultur und Politik. <strong>+++ <a href=\"https:\/\/www.heinehaus.de\/index.php\/2018\/05\/08\/3927\/?preview=true\">mehr<\/a><\/strong><\/p>\n<p><strong>\u00a0<\/strong><\/p>\n<hr \/>\n<p><strong>April, Mai 2018<br \/>\n<\/strong><\/p>\n<p><strong><img decoding=\"async\" loading=\"lazy\" class=\"alignleft wp-image-3795\" src=\"https:\/\/www.heinehaus.de\/wp-content\/uploads\/2018\/03\/Pressebild_ConniePalmen_cFoto-Annaleen-Louwes_300dpi-247x300.jpg\" alt=\"Pressebild_ConniePalmen_cFoto-Annaleen-Louwes_300dpi\" width=\"200\" height=\"243\" srcset=\"https:\/\/www.heinehaus.de\/wp-content\/uploads\/2018\/03\/Pressebild_ConniePalmen_cFoto-Annaleen-Louwes_300dpi-247x300.jpg 247w, https:\/\/www.heinehaus.de\/wp-content\/uploads\/2018\/03\/Pressebild_ConniePalmen_cFoto-Annaleen-Louwes_300dpi-768x933.jpg 768w, https:\/\/www.heinehaus.de\/wp-content\/uploads\/2018\/03\/Pressebild_ConniePalmen_cFoto-Annaleen-Louwes_300dpi-490x595.jpg 490w, https:\/\/www.heinehaus.de\/wp-content\/uploads\/2018\/03\/Pressebild_ConniePalmen_cFoto-Annaleen-Louwes_300dpi.jpg 1200w\" sizes=\"(max-width: 200px) 100vw, 200px\" \/>+++<\/strong> Keine Autorin ist so berufen wie<a href=\"https:\/\/www.heinehaus.de\/index.php\/2018\/03\/08\/connie-palmen\/\"><strong> Connie Palmen<\/strong><\/a>, die Abgr\u00fcnde, die Besessenheit, aber auch die Intensit\u00e4t, die Anziehungskraft von K\u00fcnstlernaturen zu analysieren und begreifbar zu machen. Am<strong> 3. Mai +++ <a href=\"https:\/\/www.heinehaus.de\/index.php\/2018\/03\/08\/connie-palmen\/\">mehr<\/a><\/strong><\/p>\n<p><strong>+++ <a href=\"https:\/\/www.heinehaus.de\/index.php\/2018\/03\/08\/christina-weiss\/\">Christina Weiss<\/a><\/strong>, Staatsministerin f\u00fcr Kultur a.D., Journalistin und Publizistin bestreitet in diesem Jahr die zweite Auslese und pr\u00e4sentiert ihre pers\u00f6nliche Auswahl von 15 Titeln im Museumscaf\u00e9 der Kunstsammlung NRW. Am <strong>6. Mai +++ <a href=\"https:\/\/www.heinehaus.de\/index.php\/2018\/03\/08\/christina-weiss\/\">mehr<\/a><\/strong><\/p>\n<p>+++ Der Autor und Musiker<a href=\"https:\/\/www.heinehaus.de\/index.php\/2018\/03\/08\/xaver-roemer\/\"><strong> Xaver R\u00f6mer<\/strong><\/a> tritt gemeinsam mit der Schauspielerin, Sprecherin und Musikerin <strong>Miriam Berger<\/strong> im Heine Haus auf. <strong>Sprechduette<\/strong> am <strong>8. Mai +++ <a href=\"https:\/\/www.heinehaus.de\/index.php\/2018\/03\/08\/xaver-roemer\/\">mehr<\/a><\/strong><\/p>\n<p><strong>+++ <a href=\"https:\/\/www.heinehaus.de\/index.php\/2018\/03\/08\/wolf-erlbruch\/\">Wolf Erlbruch<\/a><\/strong> stellt am <strong>12. Mai<\/strong> sein neues Buch im Heine Haus vor. <strong>+++ <a href=\"https:\/\/www.heinehaus.de\/index.php\/2018\/03\/08\/wolf-erlbruch\/\">mehr<\/a><\/strong><\/p>\n<p><strong><img decoding=\"async\" loading=\"lazy\" class=\"alignleft size-medium wp-image-3810\" src=\"https:\/\/www.heinehaus.de\/wp-content\/uploads\/2018\/03\/PEterStamm-200x300.jpg\" alt=\"PEterStamm\" width=\"200\" height=\"300\" srcset=\"https:\/\/www.heinehaus.de\/wp-content\/uploads\/2018\/03\/PEterStamm-200x300.jpg 200w, https:\/\/www.heinehaus.de\/wp-content\/uploads\/2018\/03\/PEterStamm-400x600.jpg 400w, https:\/\/www.heinehaus.de\/wp-content\/uploads\/2018\/03\/PEterStamm.jpg 512w\" sizes=\"(max-width: 200px) 100vw, 200px\" \/><\/strong><strong>+++ <a href=\"https:\/\/www.heinehaus.de\/index.php\/2018\/03\/08\/anja-kampmann\/\">Anja Kampmann<\/a><\/strong>s \u00fcberraschender Roman <em>Wie hoch die Wasser steigen<\/em>, mit dem sie f\u00fcr den diesj\u00e4hrigen Preis der Leipziger Buchmesse nominiert wurde, erz\u00e4hlt in dichter, poetischer Sprache von der R\u00fcckkehr aus der Fremde, vom Versuch, aus einer bodenlosen Arbeitswelt zur\u00fcckzufinden ins eigene Leben.<strong> 16. Mai +++<a href=\"https:\/\/www.heinehaus.de\/index.php\/2018\/03\/08\/anja-kampmann\/\"> mehr<\/a><\/strong><\/p>\n<p>+++ Am 22. Mai w\u00fcrdigt <strong><a href=\"https:\/\/www.heinehaus.de\/index.php\/2018\/04\/11\/ein-abend-fuer-karl-marx-komm-herr-prometheus-sei-unser-gast\/\">Heinrich Heil<\/a>,\u00a0<\/strong>in einem Vortrag anl\u00e4sslich des 200. Geburtstages Karl Marx&#8216;, Leben und Wirken des Philosophen und \u00d6konomen. +++ <a href=\"https:\/\/www.heinehaus.de\/index.php\/2018\/04\/11\/ein-abend-fuer-karl-marx-komm-herr-prometheus-sei-unser-gast\/\"><strong>mehr<\/strong><\/a><\/p>\n<p><strong>+++ <a href=\"https:\/\/www.heinehaus.de\/index.php\/2018\/03\/08\/peter-stamm-2\/\">Peter Stamm<\/a><\/strong>, der gro\u00dfe Erz\u00e4hler existentieller menschlicher Erfahrung, erz\u00e4hlt auf kleinstem Raum eine andere Geschichte der unerkl\u00e4rlichen N\u00e4he, die einen von dem trennt, der man fr\u00fcher war. Am <strong>29. Mai +++ <a href=\"https:\/\/www.heinehaus.de\/index.php\/2018\/03\/08\/peter-stamm-2\/\">mehr<\/a><\/strong><\/p>\n<p><strong>+++ Moshe Kahn<\/strong> ist in seiner Neu\u00fcbersetzung von <a href=\"https:\/\/www.heinehaus.de\/index.php\/2018\/03\/08\/tomasi-di-lampedusa\/\"><strong>Tomasi di Lampedusa<\/strong><\/a>s <em>Die Sirene<\/em> in die Tiefe der Sprache mit ihren inneren Str\u00f6mungen und Eigenheiten getaucht und hat einen Reichtum daraus hervorgeholt, der verbl\u00fcfft. Am <strong>10. April.+++ <a href=\"https:\/\/www.heinehaus.de\/index.php\/2018\/03\/08\/tomasi-di-lampedusa\/\">mehr<\/a><\/strong><\/p>\n<p><strong>+++<\/strong> Mit der letzten gro\u00dfen Offensive des deutschen Heeres setzt <a href=\"https:\/\/www.heinehaus.de\/index.php\/2018\/03\/08\/andreas_platthaus\/\"><strong>Andreas Platthaus<\/strong><\/a>\u2019 packende Darstellung ein, in der er in seinem neuen Buch <em>18\/19. Der Krieg nach dem Krieg<\/em> die Zeit vom Herbst 1918 bis zum Sommer 1919 als einen einzigen gro\u00dfen Gewaltzusammenhang erz\u00e4hlt. Am <strong>12. April +++ <a href=\"https:\/\/www.heinehaus.de\/index.php\/2018\/03\/08\/andreas_platthaus\/\">mehr<\/a><\/strong><\/p>\n<p><strong>+++<\/strong> Das Buch<a href=\"https:\/\/www.heinehaus.de\/index.php\/2018\/03\/08\/bodies-of-evidence\/\"><strong> Bodies of Evidence<\/strong> <\/a>sammelt mehr als 20 Stimmen aus Kunst, Politik und Zivilgesellschaft, die sich in Aufs\u00e4tzen, Interviews, Dialogen und Fallstudien die sich der Lage widmen, inwiefern K\u00f6rper in aktuelle \u201aKrisen\u2019 verwickelt sind und welche politischen und ethischen Folgen zu diskutieren sind. Buchpr\u00e4sentation mit <strong>Sandra Noeth<\/strong> und <strong>Bettina Masuch<\/strong> am<strong> 14. April +++ <a href=\"https:\/\/www.heinehaus.de\/index.php\/2018\/03\/08\/bodies-of-evidence\/\">mehr<\/a><\/strong><\/p>\n<p>+++ Mit dem Orient-Express zur Weltausstellung nach Paris! F\u00fcr den 14-j\u00e4hrigen Sinan beginnt ein aufregendes Abenteuer, als er in seiner Heimatstadt Konstantinopel in den ber\u00fchmten \u201aZug der K\u00f6nige\u2019 steigt. Am<strong> 19. April<\/strong> kommt <a href=\"https:\/\/www.heinehaus.de\/index.php\/2018\/03\/08\/thorwaldspangenberg\/\"><strong>Thorwald Spangenberg<\/strong><\/a> ins Heine Haus <strong>+++ <a href=\"https:\/\/www.heinehaus.de\/index.php\/2018\/03\/08\/thorwaldspangenberg\/\">mehr<\/a><\/strong><\/p>\n<p><strong>+++<\/strong><em><strong>\u00a0<\/strong> Die Tagesordnung<\/em> ist ein notwendiges Buch, das eine \u00fcberf\u00e4llige Geschichte erz\u00e4hlt. <a href=\"https:\/\/www.heinehaus.de\/index.php\/2018\/03\/08\/ericvuillard\/\"><strong>\u00c9ric Vuillard<\/strong><\/a> erhielt 2017 den <em>Prix Goncourt<\/em>, den wichtigsten franz\u00f6sischen Literaturpreis. Am<strong> 23. April +++ <a href=\"https:\/\/www.heinehaus.de\/index.php\/2018\/03\/08\/ericvuillard\/\">mehr<\/a><\/strong><\/p>\n<p><strong>\u00a0<\/strong><\/p>\n<hr \/>\n<p><strong>Februar, M\u00e4rz 2018<\/strong><\/p>\n<p><strong>\u00a0<\/strong><\/p>\n<p>+++ Viermal im Jahr l\u00e4dt die Kunstsammlung\u00a0 mit der Literaturhandlung M\u00fcller &amp; B\u00f6hm ein, mit Blick auf die Sammlung eine pers\u00f6nliche Auswahl zu treffen. Diesmal den Rechtsanwalt und Literaturfreund <a href=\"https:\/\/www.heinehaus.de\/index.php\/2018\/01\/04\/auslese-horst-piepenburg\/\"><strong>Horst Piepenburg<\/strong>.<\/a> Am <strong>4. Februar<\/strong> +++ <a href=\"https:\/\/www.heinehaus.de\/index.php\/2018\/01\/04\/auslese-horst-piepenburg\/\"><strong>mehr<\/strong><\/a><\/p>\n<p>+++ Der Erfolgsautor<a href=\"https:\/\/www.heinehaus.de\/index.php\/2018\/01\/04\/3688\/\"><strong> Daniel Kehlmann<\/strong><\/a> liest aus seinem neuen Roman <em>Tyll<\/em>. Am <strong>7. Februar<\/strong> +++ <a href=\"https:\/\/www.heinehaus.de\/index.php\/2018\/01\/04\/3688\/\"><strong>mehr<\/strong><\/a><\/p>\n<p>+++<strong><a href=\"https:\/\/www.heinehaus.de\/index.php\/2018\/01\/17\/michael-koehlmeier-3\/\">Michael K\u00f6hlmeier<\/a> <\/strong>besucht erneut das Heine Haus und liest aus seinen Werken. Am <strong>17. Februar<\/strong>+++ <strong><a href=\"https:\/\/www.heinehaus.de\/index.php\/2018\/01\/17\/michael-koehlmeier-3\/\">mehr<\/a><\/strong><\/p>\n<p>+++ Am 28. Februar ist die <strong>Deutsch-Italienische Gesellschaft e.V. D\u00fcsseldorf \u2013 <a href=\"https:\/\/www.heinehaus.de\/index.php\/2018\/01\/04\/3691\/\">Dante Alighieri<\/a><\/strong> zu Gast im Heine Haus. +++ <a href=\"https:\/\/www.heinehaus.de\/index.php\/2018\/01\/04\/3691\/\"><strong>mehr<\/strong><\/a><\/p>\n<p>+++ <a href=\"https:\/\/www.heinehaus.de\/index.php\/2018\/01\/04\/sibylle-biermann-rau\/\"><strong>Sibylle Biermann-Rau<\/strong><\/a> schrieb ein packendes Portr\u00e4t \u00fcber die Geschichte der Studienr\u00e4tin Elisabeth Schmitz im Dritten Reich, die auch nach 1945 lange unsichtbar geblieben ist. Sie liest aus ihrem Buch und l\u00e4dt zum Gespr\u00e4ch am <strong>5. M\u00e4rz<\/strong>. +++ <a href=\"https:\/\/www.heinehaus.de\/index.php\/2018\/01\/04\/sibylle-biermann-rau\/\"><strong>mehr<\/strong><\/a><\/p>\n<p>+++ \u201e<a href=\"https:\/\/www.heinehaus.de\/index.php\/2018\/01\/04\/3702\/\"><strong>Arno Geiger<\/strong><\/a> gelingt es [\u2026] Verg\u00e4nglichkeit und Augenblick, Geschichtliches und Privates, Bewahren und Vergessen in eine \u00fcberzeugende Balance zu bringen\u201d. Er liest aus seinem Buch <em>Unter dem Drachenwald<\/em> am <strong>8. M\u00e4rz.<\/strong> +++ <a href=\"https:\/\/www.heinehaus.de\/index.php\/2018\/01\/04\/3702\/\"><strong>mehr<\/strong><\/a><\/p>\n<p>+++ <a href=\"https:\/\/www.heinehaus.de\/index.php\/2018\/01\/04\/milena-michiko-flasar\/\"><strong>Milena Michiko Fla\u0161ar<\/strong><\/a> schrieb einen zarten Roman \u00fcber einen sp\u00e4ten Neuanfang und \u00fcber das Gl\u00fcck. Sie liest daraus am <strong>12. M\u00e4rz<\/strong> im Heine Haus. +++ <a href=\"https:\/\/www.heinehaus.de\/index.php\/2018\/01\/04\/milena-michiko-flasar\/\"><strong>mehr<\/strong><\/a><\/p>\n<p>+++ KinderBuchKino mit <a href=\"https:\/\/www.heinehaus.de\/index.php\/2018\/02\/23\/kinderbuchkino-mit-thomas-pelzer\/\"><strong>Thomas Pelzer<\/strong><\/a> am <strong>16.M\u00e4rz<\/strong> +++ <a href=\"https:\/\/www.heinehaus.de\/index.php\/2018\/02\/23\/kinderbuchkino-mit-thomas-pelzer\/\"><strong>mehr<\/strong><\/a><\/p>\n<p>+++Buchvorstellung <strong>Con tutta forza. Bernd Alois Zimmermann<\/strong> am<strong> 22. M\u00e4rz+++<a href=\"https:\/\/www.heinehaus.de\/index.php\/2018\/01\/30\/bernd-alois-zimmermann\/\">mehr<\/a><\/strong><\/p>\n<p><span style=\"color: #000000;\">+++Der Ersatztermin, f\u00fcr die durch Sturm Friederike ausgefallene Veranstaltung mit <a href=\"https:\/\/www.heinehaus.de\/index.php\/2017\/12\/08\/bodo-kirchhoff\/\"><strong>Bodo Kirchhoff<\/strong><\/a>, steht nun fest. Es ist Dienstag, der <strong>27. M\u00e4rz.+++<a href=\"https:\/\/www.heinehaus.de\/index.php\/2017\/12\/08\/bodo-kirchhoff\/\">mehr<\/a><\/strong><\/span><\/p>\n<hr \/>\n<p><strong>Januar 2018<\/strong><\/p>\n<figure id=\"attachment_3680\" aria-describedby=\"caption-attachment-3680\" style=\"width: 193px\" class=\"wp-caption alignleft\"><img decoding=\"async\" loading=\"lazy\" class=\"wp-image-3680 size-medium\" src=\"https:\/\/www.heinehaus.de\/wp-content\/uploads\/2017\/12\/Bodo-Kirchhoff-193x300.jpg\" width=\"193\" height=\"300\" srcset=\"https:\/\/www.heinehaus.de\/wp-content\/uploads\/2017\/12\/Bodo-Kirchhoff-193x300.jpg 193w, https:\/\/www.heinehaus.de\/wp-content\/uploads\/2017\/12\/Bodo-Kirchhoff-385x600.jpg 385w, https:\/\/www.heinehaus.de\/wp-content\/uploads\/2017\/12\/Bodo-Kirchhoff.jpg 544w\" sizes=\"(max-width: 193px) 100vw, 193px\" \/><figcaption id=\"caption-attachment-3680\" class=\"wp-caption-text\">\u00a9 Laura Gerlach<\/figcaption><\/figure>\n<p>+++ Der Buchpreistr\u00e4ger des Jahres 2016 <span style=\"color: #000000;\"><a style=\"color: #000000;\" href=\"https:\/\/www.heinehaus.de\/index.php\/2017\/12\/08\/bodo-kirchhoff\/\"><strong>Bodo Kirchhoff<\/strong><\/a>\u00a0 <\/span>ist am <strong>18. Januar<\/strong> mit seinem neuen Buch\u00a0<em>Einladung zu einer Kreuzfahrt\u00a0<\/em>im Heine Haus zu Gast. +++ <span style=\"color: #000000;\"><a style=\"color: #000000;\" href=\"https:\/\/www.heinehaus.de\/index.php\/2017\/12\/08\/bodo-kirchhoff\/\"><strong>mehr<\/strong><\/a><\/span><\/p>\n<p>+++ Auch 2018 findet immer Donnerstags ein <strong><a href=\"https:\/\/www.heinehaus.de\/?p=3669&amp;preview=true\">Literaturkurs<\/a> <\/strong>mit Heinz Norbert Jocks statt. Das erste Treffen am<strong> 25. Januar <\/strong>um 11 Uhr. +++ <a href=\"https:\/\/www.heinehaus.de\/?p=3669&amp;preview=true\"><strong>mehr<\/strong><\/a><\/p>\n<p>+++ <span style=\"color: #000000;\"><a style=\"color: #000000;\" href=\"https:\/\/www.heinehaus.de\/index.php\/2017\/12\/08\/axel-scheffler\/\"><strong>Axel Scheffler<\/strong><\/a><\/span> besucht das Heine Haus am <strong>27. Januar<\/strong> und liest aus <em>Die h\u00e4sslichen F\u00fcnf. <\/em>in der Reihe<em> Literaturhaus Heine f\u00fcr Gro\u00dfe &amp; Kleine<\/em> +++ <span style=\"color: #000000;\"><a style=\"color: #000000;\" href=\"https:\/\/www.heinehaus.de\/index.php\/2017\/12\/08\/axel-scheffler\/\"><strong>mehr<\/strong><\/a><\/span><\/p>\n","protected":false},"excerpt":{"rendered":"<p>Dezember 2018 +++ Andrea Sawatzki liest am 01.12.2018 anl\u00e4sslich der Heine-Preisverleihung 2018 aus Heinrich Heines &#8222;Ideen. Das Buch Le Grand&#8220;. +++ mehr +++\u00a0Am 13.12.2018 fragen Norbert Kentrup, Schauspieler, Regisseur und Hans-Heinrich Grosse-Brockhoff Kulturstaatssekret\u00e4r in NRW a.D\u00a0&#8222;Wie viel Freiheit w\u00fcnschen wir uns, aber wie viel halten wir aus?\u00a0+++ mehr \u00a0 Oktober, November 2018 \u00a0 +++ Das D\u00fcsseldorfer Toy Piano Festival 2018 mit Frederike M\u00f6ller und Oswald Egger. Am 4. Oktober +++ mehr +++ Nach Es war einmal ein Igel endlich neue Tiergedichte von Franz Hohler. Am 5. Oktober +++ mehr +++ Der vielfach ausgezeichnete Schriftsteller und Drehbuchautor Robert Seethaler ist f\u00fcr eine Signierstunde zu Gast in der Literaturhandlung M\u00fcller\u2009&amp;\u2009\u2009B\u00f6hm im Heine Haus. Am 13. Oktober +++ mehr +++ Francesca Melandri entfaltet&#8230;<\/p>\n","protected":false},"author":1,"featured_media":0,"parent":23,"menu_order":0,"comment_status":"closed","ping_status":"closed","template":"","meta":{"_mc_calendar":[]},"_links":{"self":[{"href":"https:\/\/www.heinehaus.de\/index.php\/wp-json\/wp\/v2\/pages\/4617"}],"collection":[{"href":"https:\/\/www.heinehaus.de\/index.php\/wp-json\/wp\/v2\/pages"}],"about":[{"href":"https:\/\/www.heinehaus.de\/index.php\/wp-json\/wp\/v2\/types\/page"}],"author":[{"embeddable":true,"href":"https:\/\/www.heinehaus.de\/index.php\/wp-json\/wp\/v2\/users\/1"}],"replies":[{"embeddable":true,"href":"https:\/\/www.heinehaus.de\/index.php\/wp-json\/wp\/v2\/comments?post=4617"}],"version-history":[{"count":4,"href":"https:\/\/www.heinehaus.de\/index.php\/wp-json\/wp\/v2\/pages\/4617\/revisions"}],"predecessor-version":[{"id":5498,"href":"https:\/\/www.heinehaus.de\/index.php\/wp-json\/wp\/v2\/pages\/4617\/revisions\/5498"}],"up":[{"embeddable":true,"href":"https:\/\/www.heinehaus.de\/index.php\/wp-json\/wp\/v2\/pages\/23"}],"wp:attachment":[{"href":"https:\/\/www.heinehaus.de\/index.php\/wp-json\/wp\/v2\/media?parent=4617"}],"curies":[{"name":"wp","href":"https:\/\/api.w.org\/{rel}","templated":true}]}}