{"id":891,"date":"2012-06-06T13:03:10","date_gmt":"2012-06-06T13:03:10","guid":{"rendered":"http:\/\/www.heinehaus.de\/?page_id=891"},"modified":"2020-07-24T14:54:39","modified_gmt":"2020-07-24T14:54:39","slug":"archiv-2011","status":"publish","type":"page","link":"https:\/\/www.heinehaus.de\/index.php\/archive\/archiv-2011\/","title":{"rendered":"Archiv 2011"},"content":{"rendered":"<div>\n<hr>\n<p><strong>Unser Programm im November\/Dezember<\/strong><\/p>\n<p>+++ Zwei der Nominierten des <strong>Schweizer Buchpreises<\/strong> sind im Heine Haus zu erleben: <a href=\"https:\/\/www.heinehaus.de\/index.php\/2011\/11\/03\/\"><strong>Monica Cantieni<\/strong><\/a> und <a href=\"https:\/\/www.heinehaus.de\/index.php\/2011\/11\/03\/\" target=\"_self\" rel=\"noopener noreferrer\"><strong>Felix Philipp Ingold<\/strong><\/a> lesen am <strong>3.11.<\/strong> <a href=\"https:\/\/www.heinehaus.de\/index.php\/2011\/11\/03\/\" target=\"_self\" rel=\"noopener noreferrer\"><strong>mehr<\/strong><\/a> +++<\/p>\n<p>+++ In der Matinee am <strong>06.11. <\/strong>in der <strong>Kunstsammlung NRW<\/strong> trifft <a href=\"https:\/\/www.heinehaus.de\/index.php\/2011\/11\/06\/?ec3_listing=events\" target=\"_self\" rel=\"noopener noreferrer\"><strong>Durs Gr\u00fcnbein<\/strong><\/a> seine individuelle Auswahl aus Romanen, Erz\u00e4hlungen und Sachb\u00fcchern. <a href=\"https:\/\/www.heinehaus.de\/index.php\/2011\/11\/06\/?ec3_listing=events\" target=\"_self\" rel=\"noopener noreferrer\"><strong>mehr<\/strong><\/a> +++<\/p>\n<p>+++ F\u00fcr <a href=\"https:\/\/www.heinehaus.de\/index.php\/2011\/11\/16\/\" target=\"_self\" rel=\"noopener noreferrer\"><strong>Eugen Ruge<\/strong><\/a> diente&nbsp; die eigene Familiengeschichte als historische Folie f\u00fcr ein Buch der Erinnerungen, das von den Menschen der DDR-Gr\u00fcndergeneration erz\u00e4hlt. Am<strong> 16.11.<\/strong> <a href=\"https:\/\/www.heinehaus.de\/index.php\/2011\/11\/16\/\" target=\"_self\" rel=\"noopener noreferrer\"><strong>mehr<\/strong><\/a> +++<\/p>\n<p>+++ Der Weltenwanderer<strong> <a href=\"https:\/\/www.heinehaus.de\/index.php\/2011\/11\/22\/?ec3_listing=events\" target=\"_self\" rel=\"noopener noreferrer\">Ilija Trojanow<\/a> <\/strong>ist in der Antarktis angekommen. Er liest aus seinem neuen Romans \u201eEisTau\u201c&nbsp; am <strong>22.11.<\/strong> im Heine Haus. <a href=\"https:\/\/www.heinehaus.de\/index.php\/2011\/11\/22\/?ec3_listing=events\"><strong>mehr<\/strong> <\/a>+++<\/p>\n<p>+++ Talleyrand gilt als der ber\u00fchmteste Diplomat der Weltgeschichte. <a href=\"https:\/\/www.heinehaus.de\/index.php\/2011\/12\/01\/\" target=\"_self\" rel=\"noopener noreferrer\"><strong>Johannes Willms<\/strong><\/a> stellt im Heine Haus dessen beeindruckende Biographie vor. <a href=\"https:\/\/www.heinehaus.de\/index.php\/2011\/12\/01\/\" target=\"_self\" rel=\"noopener noreferrer\"><strong>mehr<\/strong> <\/a>+++<\/p>\n<p>+++ Wir lassen am <strong>8.12.<\/strong>, gemeinsam mit <a href=\"https:\/\/www.heinehaus.de\/index.php\/2011\/12\/08\/\" target=\"_self\" rel=\"noopener noreferrer\"><strong>Felicitas von Lovenberg<\/strong><\/a> und<a href=\"https:\/\/www.heinehaus.de\/index.php\/2011\/12\/08\/\" target=\"_self\" rel=\"noopener noreferrer\"> <strong>Ijoma Mangold<\/strong><\/a>, den literarischen Jahrgang Revue passieren. <a href=\"https:\/\/www.heinehaus.de\/index.php\/2011\/12\/08\/\" target=\"_self\" rel=\"noopener noreferrer\"><strong>mehr<\/strong><\/a> +++<\/p>\n<\/div>\n<div>\n<hr>\n<p><strong>Unser Programm im Oktober<\/strong><\/p>\n<p><strong>+++<\/strong> Zwei Generationen und Bildsprachen begegnen sich am<strong> 6.10.<\/strong> im Heine Haus: Der 1957 in M\u00fclheim an der Ruhr geborene Illustrator und Comic-Zeichner<strong> Hendrik Dorgathen <\/strong>und die 1984 in F\u00fcrth geborene<strong> Aisha Franz.<\/strong> <strong><a href=\"https:\/\/www.heinehaus.de\/index.php\/2011\/09\/13\/dorgathen-franz\/\" target=\"_self\" rel=\"noopener noreferrer\">mehr <\/a><\/strong><strong>+++<\/strong><\/p>\n<p><strong>+++ <\/strong>Ein mythisch archaisches Island beschw\u00f6rt <strong>Sj\u00f3n<\/strong> \u2013 eigentlich Sigurj\u00f3n<strong> Birgir Sigurdsson<\/strong> \u2013 in seinem neuen Roman. Am <strong>10.10. <\/strong>im Heine Haus. <strong><a href=\"https:\/\/www.heinehaus.de\/index.php\/2011\/09\/13\/sjon\/\" target=\"_self\" rel=\"noopener noreferrer\">mehr <\/a><a href=\"https:\/\/www.heinehaus.de\/index.php\/2011\/09\/13\/sjon\/\" target=\"_self\" rel=\"noopener noreferrer\">+++<\/a><\/strong><\/p>\n<p><strong>+++<\/strong> Der 1934 in Bozen geborene<strong> Herbert Rosendorfer <\/strong>ist ein literarisches Multitalent mit starker Affinit\u00e4t zur Musik. Am <strong>12.10.<\/strong> liest er aus seinem neuen Buch. <a href=\"https:\/\/www.heinehaus.de\/index.php\/2011\/09\/13\/rosendorfer\/\" target=\"_self\" rel=\"noopener noreferrer\"><strong>mehr<\/strong><\/a> <strong>+++<\/strong><\/p>\n<p><strong>+++<\/strong> Der Freiburger Schriftsteller<strong> Karl-Heinz Ott<\/strong> beleuchtet mit leiser Komik das widerspr\u00fcchliche Leben <strong>Jean-Jacques Rousseaus<\/strong> aus der Traumatisierung heraus. Am <strong>27.10<\/strong>. <strong><a href=\"https:\/\/www.heinehaus.de\/index.php\/2011\/09\/13\/karlheinzott\/\" target=\"_self\" rel=\"noopener noreferrer\">mehr<\/a> +++<\/strong><\/p>\n<p><strong>+++<\/strong> <strong>Julia Franck<\/strong> liest aus ihrem neuen, f\u00fcnften Roman \u201eR\u00fccken an R\u00fccken\u201c am <strong>31.10.<\/strong> im Heine Haus. <a href=\"https:\/\/www.heinehaus.de\/index.php\/2011\/10\/13\/julia-franck%E2%80%A8\" target=\"_self\" rel=\"noopener noreferrer\"><strong>mehr<\/strong><\/a> <strong>+++<\/strong><\/p>\n<\/div>\n<div>\n<hr>\n<p><strong>Posie \u2013 Ein Fest im Heine Haus<\/strong><\/p>\n<p><a href=\"https:\/\/www.heinehaus.de\/poesietage2011\/\" target=\"_blank\" rel=\"noopener noreferrer\"><img decoding=\"async\" loading=\"lazy\" title=\"ILLUPOESie\" src=\"https:\/\/www.heinehaus.de\/wp-content\/uploads\/2011\/09\/ILLUPOESie.jpg\" alt=\"\" width=\"500\" height=\"352\"><\/a><\/p>\n<p><a href=\"https:\/\/www.heinehaus.de\/poesietage2011\/\" target=\"_blank\" rel=\"noopener noreferrer\">Finden Sie das vollst\u00e4ndige Programm hier: www.heinehaus.de\/poesietage\/<\/a><\/p>\n<p><strong>F\u00fcr die Er\u00f6ffungsveranstaltung Freitag 23.09. ist keine Reservierung mehr m\u00f6glich (Restkarten an der Abendkasse)<\/strong><\/p>\n<\/div>\n<div>\n<hr>\n<p><strong>Unser Programm: Juli\/August\/September 2011<\/strong><\/p>\n<p><strong>+++<\/strong> Im Heine Haus kommen die beiden K\u00fcnstler <strong><a href=\"https:\/\/www.heinehaus.de\/index.php\/2011\/06\/17\/van-koolwijk-schrott\/\" target=\"_self\" rel=\"noopener noreferrer\">Raoul Schrott<\/a> <\/strong>und <a href=\"https:\/\/www.heinehaus.de\/index.php\/2011\/06\/17\/van-koolwijk-schrott\/\" target=\"_self\" rel=\"noopener noreferrer\"><strong>Claudia van Koolwijk<\/strong><\/a> ins Gespr\u00e4ch \u00fcber Poesie. Am Montag, 4.Juli. <a href=\"https:\/\/www.heinehaus.de\/index.php\/2011\/06\/17\/van-koolwijk-schrott\/\" target=\"_self\" rel=\"noopener noreferrer\"><strong>mehr<\/strong><\/a> <strong>+++<\/strong><\/p>\n<p>+++ Die in Meran geborene und in Wien lebende Schriftstellerin <a href=\"https:\/\/www.heinehaus.de\/index.php\/2011\/06\/17\/sabine-gruber\/\" target=\"_self\" rel=\"noopener noreferrer\"><strong>Sabine Gruber<\/strong><\/a> gilt als Meisterin der Konstruktion: Scheinbar allt\u00e4gliche Biographien und Begegnungen verdichtet sie mit historischen Ereignissen zu gro\u00dfen Schicksalserz\u00e4hlungen..Am Donnerstag, 25.August liest sie aus ihrem neuen Roman \u201eStillbach oder die Sehnsucht\u201d. <a href=\"https:\/\/www.heinehaus.de\/index.php\/2011\/06\/17\/sabine-gruber\/\" target=\"_self\" rel=\"noopener noreferrer\"><strong>mehr<\/strong><\/a> <strong>+++<\/strong><\/p>\n<p>+++ Die zeitgen\u00f6ssische <a href=\"https:\/\/www.heinehaus.de\/index.php\/2011\/06\/17\/nachtsicht\/\" target=\"_self\" rel=\"noopener noreferrer\"><strong>\u201aNachtsicht\u2019<\/strong><\/a> des Komponisten Peter Gahn nach Texten von Frank Schablewski begegnet u.a. Nachtmusiken von Maurice Ravel, Arnold Sch\u00f6nberg, Fr\u00e9d\u00e9ric Chopin und Texten von Heinrich Heine, Rainer Maria Rilke und Paul Celan. Am Donnerstag, 8. Sepember. <a href=\"https:\/\/www.heinehaus.de\/index.php\/2011\/06\/17\/nachtsicht\/\" target=\"_self\" rel=\"noopener noreferrer\"><strong>mehr<\/strong><\/a> <strong>+++<\/strong><\/p>\n<p>+++ <a href=\"https:\/\/www.heinehaus.de\/index.php\/2011\/06\/17\/jan_karski\/\" target=\"_self\" rel=\"noopener noreferrer\"><strong>Jan Karskis \u201eBericht an die Welt\u201d<\/strong><\/a> ist das Protokoll einer Odyssee durch das Europa des Zweiten Weltkriegs und ein ersch\u00fctterndes Zeugnis der Shoah. Eine <a href=\"https:\/\/www.heinehaus.de\/index.php\/2011\/06\/17\/jan_karski\/\" target=\"_self\" rel=\"noopener noreferrer\">Podiumsdiskussion<\/a> in der Reihe Zeitzeugen am Dienstag, 13. September. <a href=\"https:\/\/www.heinehaus.de\/index.php\/2011\/06\/17\/jan_karski\/\" target=\"_self\" rel=\"noopener noreferrer\"><strong>mehr<\/strong><\/a> <strong>+++<\/strong><\/p>\n<p>+++ <a href=\"https:\/\/www.heinehaus.de\/index.php\/2011\/06\/17\/posiefest\" target=\"_self\" rel=\"noopener noreferrer\"><strong>Das Heine Haus bereitet der Poesie ein opulentes Fest.<\/strong><\/a> Drei Tage lang wird die \u00e4lteste literarische Kunstform lustvoll zelebriert und von allen Seiten beleuchtet. Bedeutende Poeten der Gegenwart, Exegeten und Verleger rezitieren eigene und fremde Texte, reden \u00fcber Poesie, werden befragt und befragen sich gegenseitig. <strong><a href=\"https:\/\/www.heinehaus.de\/index.php\/2011\/06\/17\/posiefest\" target=\"_blank\" rel=\"noopener noreferrer\">Von Freitag 23. September bis Sonntag 25.September. mehr<\/a>&nbsp; +++<\/strong><\/p>\n<p>+++ Julia Tieke, Projektleiterin des eigenwilligen Sendeformats <strong>\u201eWurfsendung\u201d<\/strong> stellt im Rahmen des <a href=\"https:\/\/www.heinehaus.de\/index.php\/2011\/06\/17\/beatboxen\/\" target=\"_self\" rel=\"noopener noreferrer\"><strong>altstadtherbst<\/strong><\/a> den mehrfachen deutschen Beatboxmeister Daniel Mandolini alias <strong>Mando<\/strong> vor, der seine stimmhafte Akrobatik live pr\u00e4sentieren wird. Freitag, 30. September. <a href=\"https:\/\/www.heinehaus.de\/index.php\/2011\/06\/17\/beatboxen\/\" target=\"_self\" rel=\"noopener noreferrer\"><strong>mehr<\/strong><\/a> <strong>+++<\/strong><\/p>\n<\/div>\n<div>\n<p><strong>&nbsp;<\/strong><\/p>\n<hr>\n<p><strong>Unser Programm: Mai\/Juni 2011<\/strong><\/p>\n<p>+++ <a href=\"https:\/\/www.heinehaus.de\/index.php\/2011\/04\/13\/bucher-fur-die-sammlung\/\" target=\"_self\" rel=\"noopener noreferrer\"><strong>Rudolf M\u00fcller<\/strong><\/a> pr\u00e4sentiert seine pers\u00f6nliche Auslese f\u00fcr die Kunstsammlung NRW. Am Sonntag, 1.Mai um 12:00 Uhr in der Kunstsammlung NRW. <a href=\"https:\/\/www.heinehaus.de\/index.php\/2011\/04\/13\/bucher-fur-die-sammlung\/\" target=\"_self\" rel=\"noopener noreferrer\"><strong>mehr<\/strong><\/a> +++<\/p>\n<p>+++ <strong><a href=\"https:\/\/www.heinehaus.de\/index.php\/2011\/04\/13\/orgelstadt-dusseldorf\/\" target=\"_self\" rel=\"noopener noreferrer\">Oskar Gottlieb Blarr<\/a> <\/strong>liest im Heine Haus am 5. Mai ausgew\u00e4hlte Kalenderbl\u00e4tter und l\u00e4sst zum Thema Orgel auch Heinrich Heine zu gewohnt scharfz\u00fcngigem Wort kommen. <a href=\"https:\/\/www.heinehaus.de\/index.php\/2011\/04\/13\/orgelstadt-dusseldorf\/\" target=\"_self\" rel=\"noopener noreferrer\"><strong>mehr<\/strong><\/a> +++<\/p>\n<p>+++ Ein endloser Sommer in einem Nest in S\u00fcddeutschland, in den sechziger Jahren: dort l\u00e4sst <strong><a href=\"https:\/\/www.heinehaus.de\/index.php\/2011\/04\/13\/zsuzsabank\/\" target=\"_self\" rel=\"noopener noreferrer\">Zsuzsa B\u00e1nk<\/a> <\/strong>die Geschichte einer M\u00e4dchenfreundschaft beginnen. Sie liest im Heine Haus am 11.Mai aus ihrem neuen Buch \u201aDie hellen Tage\u2018. <a href=\"https:\/\/www.heinehaus.de\/index.php\/2011\/04\/13\/zsuzsabank\/\" target=\"_self\" rel=\"noopener noreferrer\"><strong>mehr<\/strong><\/a> +++<\/p>\n<p>+++ \u00dcber eine Million Mal hat sich in Frankreich ein kleines B\u00fcchlein mit dem Titel \u201aEmp\u00f6rt Euch!\u2019 bis jetzt verkauft. <a href=\"https:\/\/www.heinehaus.de\/index.php\/2011\/04\/13\/stephane-hessel\/\" target=\"_self\" rel=\"noopener noreferrer\"><strong>St\u00e9phane Hessel<\/strong><\/a> liest am 23.Mai&nbsp; <a href=\"https:\/\/www.heinehaus.de\/index.php\/2011\/04\/13\/stephane-hessel\/\" target=\"_self\" rel=\"noopener noreferrer\"><strong>mehr<\/strong><\/a> +++<\/p>\n<p>+++ Mit \u201aVorabend\u2019 ist nun der f\u00fcnfte, mehr als 1000 Seiten umfassende Band der&nbsp; autobiografische Chronik \u201aDas alte Jahrhundert\u2019 <strong><a href=\"https:\/\/www.heinehaus.de\/index.php\/2011\/04\/13\/peter-kurzeck\/\" target=\"_self\" rel=\"noopener noreferrer\">Peter Kurzecks<\/a> <\/strong>erschienen. Er liest daraus am 23. Mai. <a href=\"https:\/\/www.heinehaus.de\/index.php\/2011\/04\/13\/peter-kurzeck\/\"><strong>mehr<\/strong><\/a> +++<\/p>\n<p>+++ Einen Tag im Leben eines ber\u00fchmten Malers schildert<strong> <a href=\"https:\/\/www.heinehaus.de\/index.php\/2011\/04\/13\/margriet-de-moor\/\" target=\"_self\" rel=\"noopener noreferrer\">Margriet de Moor<\/a><\/strong> in ihrem neuen Roman: Es ist der 3. Mai 1664, und der ber\u00fchmte Maler ist Rembrandt, obwohl de Moor seinen Namen nicht nennt. Sie liest daraus im Heine Haus am 27. Mai. <a href=\"https:\/\/www.heinehaus.de\/index.php\/2011\/04\/13\/margriet-de-moor\/\" target=\"_self\" rel=\"noopener noreferrer\"><strong>mehr<\/strong><\/a> +++<\/p>\n<p>+++ <a href=\"https:\/\/www.heinehaus.de\/index.php\/2011\/04\/13\/giselavonwysocki\/\" target=\"_self\" rel=\"noopener noreferrer\"><strong>Gisela von Wysocki<\/strong><\/a> ist die diesj\u00e4hrige Preistr\u00e4gerin des d.lit-Literaturpreis. Sie liest aus ihrem bei Suhrkamp erschienenen Buch \u201aWir machen Musik\u2018 am 8. Juni. <a href=\"https:\/\/www.heinehaus.de\/index.php\/2011\/04\/13\/giselavonwysocki\/\" target=\"_self\" rel=\"noopener noreferrer\"><strong>mehr<\/strong><\/a> +++<\/p>\n<p>+++ <a href=\"https:\/\/www.heinehaus.de\/index.php\/2011\/04\/13\/schwarzes-revier\/\" target=\"_self\" rel=\"noopener noreferrer\"><strong>Andreas Rossmann<\/strong><\/a>, Feuilletonredakteur der FAZ stellt das Buch von Heinrich Hauser \u201aSchwarzes Revier\u2018 vor, eine Reise-Reportage, die 1928 durch das Ruhrgebiet f\u00fchrte. Am 9. Juni. <a href=\"https:\/\/www.heinehaus.de\/index.php\/2011\/04\/13\/schwarzes-revier\/\" target=\"_self\" rel=\"noopener noreferrer\"><strong>mehr<\/strong><\/a> +++<\/p>\n<p>+++ Im Gespr\u00e4ch mit Metzgern, Gem\u00fcseh\u00e4ndlern, Winzern und Hirnforschern kommt das Autorenduo auf h\u00f6chst kurzweilige Weise zu dem Ergebnis, dass es sehr wohl einen geschlechtsspezifischen \u201edramatisch unterschiedlichen Fleisch- und Alkoholkonsum\u201c gibt.&nbsp;<a href=\"https:\/\/www.heinehaus.de\/index.php\/2011\/04\/13\/gritzmann-scheck\" target=\"_self\" rel=\"noopener noreferrer\"><strong> Denis Scheck und Eva Gritzmann<\/strong><\/a> stellen ihr Buch am 27. Juni gemeinsam vor. <a href=\"https:\/\/www.heinehaus.de\/index.php\/2011\/04\/13\/gritzmann-scheck\" target=\"_self\" rel=\"noopener noreferrer\"><strong>mehr<\/strong><\/a> +++<\/p>\n<div>\n<hr>\n<p><strong>Unser Programm: M\u00e4rz\/April 2011<\/strong><\/p>\n<p>Ein&nbsp;Bekenntnis&nbsp;zu&nbsp;den&nbsp;einfachen&nbsp;Dingen&nbsp;und&nbsp;ein&nbsp;Roman&nbsp;\u00fcber&nbsp;die&nbsp;Liebe&nbsp;und&nbsp;das&nbsp;Anderssein<br \/>\nist&nbsp;das neue Buch \u201eDas l\u00e4sst sich \u00e4ndern\u201d von <strong><a href=\"https:\/\/www.heinehaus.de\/index.php\/2011\/02\/14\/birgit-vanderbeke\/\" target=\"_self\" rel=\"noopener noreferrer\">Birgit Vanderbeke<\/a>.<\/strong> Sie liest daraus am <strong><a href=\"https:\/\/www.heinehaus.de\/index.php\/2011\/02\/14\/birgit-vanderbeke\/\" target=\"_self\" rel=\"noopener noreferrer\">16.M\u00e4rz.<\/a><\/strong> +++ <strong><a href=\"https:\/\/www.heinehaus.de\/index.php\/2011\/02\/14\/birgit-vanderbeke\/\" target=\"_self\" rel=\"noopener noreferrer\">mehr<\/a><\/strong><\/p>\n<p>+++ Der Schauspieler und Heine-Kenner <strong><a href=\"https:\/\/www.heinehaus.de\/index.php\/2011\/02\/14\/heine-abend\/\" target=\"_self\" rel=\"noopener noreferrer\">Rudolf Kowalski<\/a><\/strong> gastiert erneut im Duo mit seiner Ehefrau, der Schauspielerin <strong><a href=\"https:\/\/www.heinehaus.de\/index.php\/2011\/02\/14\/heine-abend\/\" target=\"_self\" rel=\"noopener noreferrer\">Eva Scheurer<\/a><\/strong> im Heine Haus. Ein Heine-Abend Im Rahmen der J\u00fcdischen Kulturtage NRW am 23. M\u00e4rz +++ <strong><a href=\"https:\/\/www.heinehaus.de\/index.php\/2011\/02\/14\/heine-abend\/\" target=\"_self\" rel=\"noopener noreferrer\">mehr<\/a><\/strong><\/p>\n<p>+++ Vortrag und Podiumsdiskussion Kulturaustausch zwischen D\u00fcsseldorf und Haifa mit <strong><a href=\"https:\/\/www.heinehaus.de\/index.php\/2011\/02\/14\/kulturaustausch-haifa\/\" target=\"_self\" rel=\"noopener noreferrer\">Micha Kirshner<\/a><\/strong> im Rahmen der J\u00fcdischen Kulturtage NRW. Neben Micha Kirshner sind u.a. die drei israelischen K\u00fcnstler <strong><a href=\"https:\/\/www.heinehaus.de\/index.php\/2011\/02\/14\/kulturaustausch-haifa\/\" target=\"_self\" rel=\"noopener noreferrer\">Avraham Eilat, Dafna Shalom<\/a><\/strong> und <a href=\"https:\/\/www.heinehaus.de\/index.php\/2011\/02\/14\/kulturaustausch-haifa\/\" target=\"_self\" rel=\"noopener noreferrer\"><strong>Joseph Dadoune<\/strong> <\/a>anwesend. Am 25. M\u00e4rz +++ <strong><a href=\"https:\/\/www.heinehaus.de\/index.php\/2011\/02\/14\/kulturaustausch-haifa\/\" target=\"_self\" rel=\"noopener noreferrer\">mehr<\/a><\/strong><\/p>\n<p>+++ Der Autor und Anwalt <strong><a href=\"https:\/\/www.heinehaus.de\/index.php\/2011\/02\/14\/louis-begley-der-fall-dreyfus\/\" target=\"_self\" rel=\"noopener noreferrer\">Louis Begley<\/a> <\/strong>rekonstruiert den <strong><a href=\"https:\/\/www.heinehaus.de\/index.php\/2011\/02\/14\/louis-begley-der-fall-dreyfus\/\" target=\"_self\" rel=\"noopener noreferrer\">Fall Dreyfus<\/a><\/strong> und zeigt, wie Antisemitismus und Rassismus in einer vermeintlich liberalen Gesellschaft wirken, damals wie heute. Autorenlesung im Rahmen der J\u00fcdischen Kulturtage NRW am +++ <strong><a href=\"https:\/\/www.heinehaus.de\/index.php\/2011\/02\/14\/louis-begley-der-fall-dreyfus\/\" target=\"_self\" rel=\"noopener noreferrer\">mehr<\/a><\/strong><\/p>\n<p>+++ Bereits zum dritten Mal ist die <strong><a href=\"https:\/\/www.heinehaus.de\/index.php\/2011\/04\/01\/\" target=\"_self\" rel=\"noopener noreferrer\">Rheinoper<\/a><\/strong> mit ihrem 2009 neu gegr\u00fcndeten Opernstudio zu Gast im Heine Haus. Im Rahmen der J\u00fcdischen Kulturtage NRW bringen Mitglieder des Opernstudios u. a.&nbsp; Ausschnitte aus Operetten<strong> <a href=\"https:\/\/www.heinehaus.de\/index.php\/2011\/04\/01\/\">Paul Abrahams<\/a><\/strong> und <a href=\"https:\/\/www.heinehaus.de\/index.php\/2011\/04\/01\/\"><strong>Emmerich Kalm\u00e1ns<\/strong> <\/a>zu Geh\u00f6r. Am 1. April. +++<strong> <a href=\"https:\/\/www.heinehaus.de\/index.php\/2011\/04\/01\/\" target=\"_self\" rel=\"noopener noreferrer\">mehr<br \/>\n<\/a><\/strong><br \/>\n+++ Wie er den Vater \u00fcber Jahre hinweg begleitet, wie eine neue N\u00e4he entsteht und wie wertvoll dieses Leben nach wie vor ist: \u201cDa mein Vater nicht mehr \u00fcber die Br\u00fccke in meine Welt gelangen kann, muss ich hin\u00fcber zu ihm\u201c, schreibt <strong><a href=\"https:\/\/www.heinehaus.de\/index.php\/2011\/02\/14\/arno-geiger-der-alte-konig-in-seinem-exil\/\" target=\"_self\" rel=\"noopener noreferrer\">Arno Geiger<\/a>.<\/strong> Autorenlesung am 7. April +++ <strong><a href=\"https:\/\/www.heinehaus.de\/index.php\/2011\/02\/14\/arno-geiger-der-alte-konig-in-seinem-exil\/\" target=\"_self\" rel=\"noopener noreferrer\">mehr<\/a><\/strong><\/p>\n<p>+++ \u201e<strong><a href=\"https:\/\/www.heinehaus.de\/index.php\/2011\/04\/11\/\" target=\"_self\" rel=\"noopener noreferrer\">Philippe Djian<\/a><\/strong> wieder in H\u00f6chstform. (\u2026) Ein Roman von unerh\u00f6rter psychologischer Kraft und Gewalt.\u201d&nbsp; schreibt Le Parisien. Djian liest im Heine Haus am 11. April +++ <strong><a href=\"https:\/\/www.heinehaus.de\/index.php\/2011\/04\/11\/\" target=\"_self\" rel=\"noopener noreferrer\">mehr<\/a><\/strong><\/p>\n<p>+++ <strong><a href=\"https:\/\/www.heinehaus.de\/index.php\/2011\/02\/14\/michel-bergmann-die-teilacher\/\" target=\"_self\" rel=\"noopener noreferrer\">Michel Bergmann <\/a><\/strong>ist Journalist und arbeitet als Drehbuchautor, Regisseur und Produzent. Aus seinem ersten Roman \u201eDie Teilacher\u201c liest er am 13. April +++ <strong><a href=\"https:\/\/www.heinehaus.de\/index.php\/2011\/04\/01\/\" target=\"_self\" rel=\"noopener noreferrer\">mehr<br \/>\n<\/a><\/strong><\/p>\n<\/div>\n<div>\n<hr>\n<p><strong>5 Jahre Heine Haus<\/strong><\/p>\n<p><strong>17.02.2011, Do. 19:30 Uhr<br \/>\n5 Jahre Heine Haus am 155. Todestag von Heinrich Heine<br \/>\nVernissage: Das Heine Haus im Spiegel der Pressefotografie.<\/strong><br \/>\nEine Ausstellung in der Reihe Heine im Haus<\/p>\n<p>Wir feiern das f\u00fcnfj\u00e4hrige Bestehen des Heine Hauses am 155. Todestag des Dichters. Ein R\u00fcckblick anhand der Pressefotos dokumentiert die Geschichte des Hauses und zollt zugleich den Fotografen Dank. Die Fotos erinnern an wunderbare Begegnungen mit Autoren, K\u00fcnstlern und Freunden des Hauses.<br \/>\nSie lassen die Literatur-Veranstaltungen der vergangenen f\u00fcnf Jahre Revue passieren und verweisen auf Zuk\u00fcnftiges. Wir freuen uns auf die Fortsetzung dieser Sammlung. Die Fotos werden im Heine Haus vom 17.02.2011 bis Ende M\u00e4rz zu sehen sein.<br \/>\nZum Jubil\u00e4um druckt die <em>Rheinische Post<\/em> eine Beilage zur Dokumentation der Ausstellung, die Sie gratis erhalten.<\/p>\n<p><em>Begr\u00fc\u00dfung: <\/em><em><br \/>\nHans-Georg Lohe (Kulturdezernent, Landeshauptstadt D\u00fcsseldorf)<\/em><em><br \/>\nund Hans-Heinrich Grosse-Brockhoff (Kulturstaatssekret\u00e4r a.D.)<br \/>\nEinf\u00fchrung und Gespr\u00e4ch:<br \/>\nRudolf M\u00fcller (Literaturhandlung ) und Dr. Lothar Schr\u00f6der (Rheinische Post )<\/em><\/p>\n<p>Wir danken Alexandra von der Weth und Roland Techet f\u00fcr den musikalischen Akzent.<\/p>\n<p><em>Veranstalter: Verein zur F\u00f6rderung des Heinrich-Heine-Geburtshauses e.V., M\u00fcller &amp; B\u00f6hm Literaturhandlung<br \/>\n<\/em><em><strong>Ort: Heine Haus, Bolkerstr. 53, 40213 D\u00fcsseldorf.<\/strong><\/em><em><br \/>\n<\/em>Eintritt: EUR 8,\u2013\/6,\u2013 (erm.) inkl. Begr\u00fc\u00dfungsgetr\u00e4nk<\/p>\n<\/div>\n<div>\n<hr>\n<p><strong>Unser Programm: Januar\/Februar 2011<\/strong><\/p>\n<p><strong>+++<\/strong> <strong>Christiane Hoffmans<\/strong>, Redakteurin der Welt am Sonntag, diskutiert mit dem Kunstkenner <a href=\"https:\/\/www.heinehaus.de\/index.php\/2010\/12\/14\/heil\/\" target=\"_self\" rel=\"noopener noreferrer\"><strong>Heinrich Heil<\/strong><\/a> \u00fcber <strong>James Lee Byars<\/strong> Auffassung des Zen und seine Arbeit. Die japanischen Originaltexte werden von der vielfach ausgezeichneten Schriftstellerin<strong> <a href=\"https:\/\/www.heinehaus.de\/index.php\/2010\/12\/14\/heil\/\" target=\"_self\" rel=\"noopener noreferrer\">Yoko Tawada<\/a><\/strong> vorgetragen. Am 18. Januar 2011 <strong>+++ <\/strong><strong><a href=\"https:\/\/www.heinehaus.de\/index.php\/page\/index.php\/2010\/12\/14\/heil\/\" target=\"_self\" rel=\"noopener noreferrer\">mehr<\/a><\/strong><strong><br \/>\n<\/strong><strong><br \/>\n+++<\/strong> Bereits zum zweiten Mal stellen Studenten des Fachbereichs Design unter der Leitung von Olga Kaloussi ihre <strong><a href=\"https:\/\/www.heinehaus.de\/index.php\/2010\/12\/14\/fototagebucher\/\" target=\"_self\" rel=\"noopener noreferrer\">Fototageb\u00fccher<\/a> <\/strong>im Heine Haus aus. Die <a href=\"https:\/\/www.heinehaus.de\/index.php\/2010\/12\/14\/fototagebucher\/\" target=\"_self\" rel=\"noopener noreferrer\"><strong>Vernissage<\/strong><\/a> ist am&nbsp; 29. Januar 2011 <strong>+++ <\/strong><strong><a href=\"https:\/\/www.heinehaus.de\/index.php\/page\/index.php\/2010\/12\/14\/fototagebucher\/\" target=\"_self\" rel=\"noopener noreferrer\"><strong>mehr<\/strong><\/a><\/strong><\/p>\n<p><strong>+++<\/strong> Nach dem amerikanischen Schriftsteller Jonathan Safran Foer setzt sich nun auch die Autorin <strong><a href=\"https:\/\/www.heinehaus.de\/index.php\/2010\/12\/14\/duve\/\" target=\"_self\" rel=\"noopener noreferrer\">Karen Duve<\/a> <\/strong>kritisch mit unseren Ern\u00e4hrungsgewohnheiten auseinander. Im Heine Haus stellt sie ihr neues Buch vor. Am 3. Februar 2011 <strong>+++ <\/strong><strong><a href=\"https:\/\/www.heinehaus.de\/index.php\/page\/index.php\/2010\/12\/14\/duve\/\" target=\"_self\" rel=\"noopener noreferrer\">mehr<\/a><\/strong><\/p>\n<p><strong>+++<\/strong> <a href=\"https:\/\/www.heinehaus.de\/index.php\/2010\/12\/14\/lovenberg\/\" target=\"_self\" rel=\"noopener noreferrer\"><strong>Felicitas von Lovenberg<\/strong><\/a>, verantwortliche Redakteurin f\u00fcr Literatur der FAZ stellt ihre ganz pers\u00f6nliche Auswahl aus Romanen, Erz\u00e4hlungen und Sachb\u00fcchern vor. Am 6. Februar 2011 im Museumscaf\u00e9 der <a href=\"https:\/\/www.heinehaus.de\/index.php\/2010\/12\/14\/lovenberg\/\" target=\"_self\" rel=\"noopener noreferrer\"><strong>Kunstsammlung NRW<\/strong>.<\/a> <strong>+++ <\/strong><strong><a href=\"https:\/\/www.heinehaus.de\/index.php\/page\/index.php\/2010\/12\/14\/lovenberg\/\" target=\"_self\" rel=\"noopener noreferrer\"><strong>mehr<\/strong><\/a><\/strong><\/p>\n<p><strong>+++ <\/strong>Wir feiern das <a href=\"https:\/\/www.heinehaus.de\/index.php\/2010\/12\/14\/5-jahre-heine-haus\/\" target=\"_self\" rel=\"noopener noreferrer\"><strong>f\u00fcnfj\u00e4hrige Bestehen<\/strong><\/a> des Heine Hauses am <a href=\"https:\/\/www.heinehaus.de\/index.php\/2010\/12\/14\/5-jahre-heine-haus\/\" target=\"_self\" rel=\"noopener noreferrer\"><strong>155. Todestag<\/strong><\/a> des Dichters. Am 17. Februar 2011. <strong>+++ <\/strong><strong><a href=\"https:\/\/www.heinehaus.de\/index.php\/page\/index.php\/2010\/12\/14\/5-jahre-heine-haus\/\" target=\"_self\" rel=\"noopener noreferrer\"><strong>mehr<\/strong><\/a><\/strong><\/p>\n<p><strong>+++<\/strong> <a href=\"https:\/\/www.heinehaus.de\/index.php\/2010\/12\/14\/gruenbein-schulze\/\" target=\"_self\" rel=\"noopener noreferrer\"><strong>Durs Gr\u00fcnbein<\/strong><\/a> und <strong><a href=\"https:\/\/www.heinehaus.de\/index.php\/2010\/12\/14\/gruenbein-schulze\/\" target=\"_self\" rel=\"noopener noreferrer\">Ingo Schulze<\/a> <\/strong>konnten jeweils ein Jahr in Rom verbringen. Die k\u00fcnstlerischen Ertr\u00e4ge dieses Aufenthalts sind reich und denkbar verschieden. <strong>Lesung und Gespr\u00e4ch<\/strong> mit&nbsp; beiden am 28. Februar 2011. <strong>+++ <\/strong><strong><a href=\"https:\/\/www.heinehaus.de\/index.php\/page\/index.php\/2010\/12\/14\/gruenbein-schulze\/\" target=\"_self\" rel=\"noopener noreferrer\">mehr<\/a><\/strong><\/p>\n<\/div>\n<\/div>\n","protected":false},"excerpt":{"rendered":"<p>Unser Programm im November\/Dezember +++ Zwei der Nominierten des Schweizer Buchpreises sind im Heine Haus zu erleben: Monica Cantieni und Felix Philipp Ingold lesen am 3.11. mehr +++ +++ In der Matinee am 06.11. in der Kunstsammlung NRW trifft Durs Gr\u00fcnbein seine individuelle Auswahl aus Romanen, Erz\u00e4hlungen und Sachb\u00fcchern. mehr +++ +++ F\u00fcr Eugen Ruge diente&nbsp; die eigene Familiengeschichte als historische Folie f\u00fcr ein Buch der Erinnerungen, das von den Menschen der DDR-Gr\u00fcndergeneration erz\u00e4hlt. Am 16.11. mehr +++ +++ Der Weltenwanderer Ilija Trojanow ist in der Antarktis angekommen. Er liest aus seinem neuen Romans \u201eEisTau\u201c&nbsp; am 22.11. im Heine Haus. mehr +++ +++ Talleyrand gilt als der ber\u00fchmteste Diplomat der Weltgeschichte. Johannes Willms stellt im Heine Haus dessen beeindruckende Biographie&#8230;<\/p>\n","protected":false},"author":1,"featured_media":0,"parent":23,"menu_order":0,"comment_status":"closed","ping_status":"open","template":"","meta":{"_mc_calendar":[]},"_links":{"self":[{"href":"https:\/\/www.heinehaus.de\/index.php\/wp-json\/wp\/v2\/pages\/891"}],"collection":[{"href":"https:\/\/www.heinehaus.de\/index.php\/wp-json\/wp\/v2\/pages"}],"about":[{"href":"https:\/\/www.heinehaus.de\/index.php\/wp-json\/wp\/v2\/types\/page"}],"author":[{"embeddable":true,"href":"https:\/\/www.heinehaus.de\/index.php\/wp-json\/wp\/v2\/users\/1"}],"replies":[{"embeddable":true,"href":"https:\/\/www.heinehaus.de\/index.php\/wp-json\/wp\/v2\/comments?post=891"}],"version-history":[{"count":7,"href":"https:\/\/www.heinehaus.de\/index.php\/wp-json\/wp\/v2\/pages\/891\/revisions"}],"predecessor-version":[{"id":5546,"href":"https:\/\/www.heinehaus.de\/index.php\/wp-json\/wp\/v2\/pages\/891\/revisions\/5546"}],"up":[{"embeddable":true,"href":"https:\/\/www.heinehaus.de\/index.php\/wp-json\/wp\/v2\/pages\/23"}],"wp:attachment":[{"href":"https:\/\/www.heinehaus.de\/index.php\/wp-json\/wp\/v2\/media?parent=891"}],"curies":[{"name":"wp","href":"https:\/\/api.w.org\/{rel}","templated":true}]}}